{"id":16587,"date":"2026-09-03T14:20:19","date_gmt":"2026-09-03T12:20:19","guid":{"rendered":"https:\/\/kontracamps.com\/camps\/beachvolleyball-camp-auf-gran-canaria\/"},"modified":"2026-09-03T14:24:29","modified_gmt":"2026-09-03T12:24:29","slug":"beachvolleyball-camp-auf-gran-canaria","status":"publish","type":"camp","link":"https:\/\/kontracamps.com\/de\/camps\/beachvolleyball\/beachvolleyball-camp-auf-gran-canaria\/","title":{"rendered":"Beachvolleyball-Camp auf Gran Canaria"},"content":{"rendered":"\n<hr class=\"wp-block-separator has-alpha-channel-opacity\" style=\"margin-top:2rem;margin-bottom:2rem\"\/>\n\n<h2 class=\"wp-block-heading has-text-align-center\" style=\"margin-bottom:1.5rem;font-style:normal;font-weight:600\">Der Ort<\/h2>\n\n<div class=\"wp-block-columns are-vertically-aligned-top is-layout-flex wp-container-core-columns-is-layout-cfc4b5c0 wp-block-columns-is-layout-flex\">\n<div class=\"wp-block-column is-vertically-aligned-top is-layout-flow wp-block-column-is-layout-flow\" style=\"flex-basis:50%\">\n<figure class=\"wp-block-image size-full has-custom-border\"><img loading=\"lazy\" decoding=\"async\" width=\"1600\" height=\"1045\" src=\"https:\/\/kontracamps.com\/wp-content\/uploads\/2026\/08\/WhatsApp-Image-2026-08-31-at-13.38.02vdfdf.jpeg\" alt=\"\" class=\"wp-image-16493\" style=\"border-radius:8px\" srcset=\"https:\/\/kontracamps.com\/wp-content\/uploads\/2026\/08\/WhatsApp-Image-2026-08-31-at-13.38.02vdfdf.jpeg 1600w, https:\/\/kontracamps.com\/wp-content\/uploads\/2026\/08\/WhatsApp-Image-2026-08-31-at-13.38.02vdfdf-640x418.jpeg 640w, https:\/\/kontracamps.com\/wp-content\/uploads\/2026\/08\/WhatsApp-Image-2026-08-31-at-13.38.02vdfdf-1280x836.jpeg 1280w, https:\/\/kontracamps.com\/wp-content\/uploads\/2026\/08\/WhatsApp-Image-2026-08-31-at-13.38.02vdfdf-768x502.jpeg 768w, https:\/\/kontracamps.com\/wp-content\/uploads\/2026\/08\/WhatsApp-Image-2026-08-31-at-13.38.02vdfdf-1536x1003.jpeg 1536w, https:\/\/kontracamps.com\/wp-content\/uploads\/2026\/08\/WhatsApp-Image-2026-08-31-at-13.38.02vdfdf-600x392.jpeg 600w\" sizes=\"auto, (max-width: 1600px) 100vw, 1600px\" \/><\/figure>\n<\/div>\n\n\n\n<div class=\"wp-block-column is-vertically-aligned-top is-layout-flow wp-block-column-is-layout-flow\" style=\"flex-basis:50%\">\n<p class=\"isSelectedEnd\" style=\"text-align: justify;\"><strong>Las Palmas de Gran Canaria<\/strong>, im <strong>Norden der Insel<\/strong> gelegen, ist die Hauptstadt und gr\u00f6\u00dfte Stadt von Gran Canaria. Mit ihren Atlantikstr\u00e4nden, dem ganzj\u00e4hrig milden Klima und einer lebhaften Stadtatmosph\u00e4re ist sie ein idealer Ort, um Beachvolleyball mit allem zu verbinden, was die Kanarischen Inseln zu bieten haben. Das Camp findet an <strong>der Playa de Las Alcaravaneras<\/strong> statt, einem zentral gelegenen Stadtstrand mit entspannter Atmosph\u00e4re und hervorragenden Bedingungen f\u00fcr das Beachvolleyball-Training.<\/p>\n<p style=\"text-align: justify;\">Der Februar ist zudem eine der spannendsten Zeiten f\u00fcr einen Besuch in Las Palmas, da dann der ber\u00fchmte <strong>Karneval von Las Palmas de stattfindet. Dies ist <\/strong>eine gro\u00dfartige Gelegenheit, <strong>Beachvolleyball, Sonnenschein, den Atlantik und eines der lebhaftesten kulturellen Ereignisse der Kanarischen Inseln<\/strong> miteinander zu verbinden.<\/p>\n<\/div>\n<\/div>\n\n<hr class=\"wp-block-separator has-alpha-channel-opacity\"\/>\n\n<h2 class=\"wp-block-heading has-text-align-center\"><strong>Karneval von Las Palmas<\/strong><\/h2>\n\n<div class=\"wp-block-columns is-layout-flex wp-container-core-columns-is-layout-8f761849 wp-block-columns-is-layout-flex\">\n<div class=\"wp-block-column is-layout-flow wp-block-column-is-layout-flow\">\n<p style=\"text-align: justify;\"><strong>Machen Sie sich bereit, den Zauber des Karnevals von Las Palmas zu erleben!<\/strong> Seit \u00fcber 500 Jahren erwacht die Stadt zum Leben \u2013 mit Musik, farbenpr\u00e4chtigen Kost\u00fcmen, Tanz und Festlichkeiten, die die Stra\u00dfen mit Energie erf\u00fcllen. Einer der gr\u00f6\u00dften H\u00f6hepunkte ist die ber\u00fchmte <strong>Drag-Queen-Gala<\/strong>, die f\u00fcr ihre spektakul\u00e4ren Darbietungen und unvergesslichen Kost\u00fcme bekannt ist.<\/p>\n<\/div>\n\n\n\n<div class=\"wp-block-column is-layout-flow wp-block-column-is-layout-flow\">\n<figure class=\"wp-block-image size-full has-custom-border\"><img loading=\"lazy\" decoding=\"async\" width=\"1200\" height=\"720\" src=\"https:\/\/kontracamps.com\/wp-content\/uploads\/2026\/09\/Cabalgata-del-Carnaval-en-Gran-Canaria.jpg\" alt=\"\" class=\"wp-image-16536\" style=\"border-radius:8px\" srcset=\"https:\/\/kontracamps.com\/wp-content\/uploads\/2026\/09\/Cabalgata-del-Carnaval-en-Gran-Canaria.jpg 1200w, https:\/\/kontracamps.com\/wp-content\/uploads\/2026\/09\/Cabalgata-del-Carnaval-en-Gran-Canaria-640x384.jpg 640w, https:\/\/kontracamps.com\/wp-content\/uploads\/2026\/09\/Cabalgata-del-Carnaval-en-Gran-Canaria-768x461.jpg 768w, https:\/\/kontracamps.com\/wp-content\/uploads\/2026\/09\/Cabalgata-del-Carnaval-en-Gran-Canaria-600x360.jpg 600w\" sizes=\"auto, (max-width: 1200px) 100vw, 1200px\" \/><\/figure>\n<\/div>\n<\/div>\n\n<div class=\"wp-block-columns is-layout-flex wp-container-core-columns-is-layout-8f761849 wp-block-columns-is-layout-flex\">\n<div class=\"wp-block-column is-layout-flow wp-block-column-is-layout-flow\">\n<figure class=\"wp-block-image size-full has-custom-border\"><img loading=\"lazy\" decoding=\"async\" width=\"1200\" height=\"720\" src=\"https:\/\/kontracamps.com\/wp-content\/uploads\/2026\/09\/Cabalgata-de-Carnaval-en-Santa-Cruz-de-Tenerife-1.jpg\" alt=\"\" class=\"wp-image-16558\" style=\"border-radius:8px\" srcset=\"https:\/\/kontracamps.com\/wp-content\/uploads\/2026\/09\/Cabalgata-de-Carnaval-en-Santa-Cruz-de-Tenerife-1.jpg 1200w, https:\/\/kontracamps.com\/wp-content\/uploads\/2026\/09\/Cabalgata-de-Carnaval-en-Santa-Cruz-de-Tenerife-1-640x384.jpg 640w, https:\/\/kontracamps.com\/wp-content\/uploads\/2026\/09\/Cabalgata-de-Carnaval-en-Santa-Cruz-de-Tenerife-1-767x460.jpg 767w, https:\/\/kontracamps.com\/wp-content\/uploads\/2026\/09\/Cabalgata-de-Carnaval-en-Santa-Cruz-de-Tenerife-1-600x360.jpg 600w\" sizes=\"auto, (max-width: 1200px) 100vw, 1200px\" \/><\/figure>\n<\/div>\n\n\n\n<div class=\"wp-block-column is-layout-flow wp-block-column-is-layout-flow\">\n<p style=\"text-align: justify;\">Und hier noch eine <strong>interessante Anekdote<\/strong>: Als der Karneval w\u00e4hrend der Franco-\u00c4ra verboten wurde, weigerten sich die Einheimischen, diese Tradition aussterben zu lassen. Sie feierten heimlich weiter und versteckten ihre Kost\u00fcme auf dem Weg zu den Feierlichkeiten sogar unter Laken. Heute ist dieser Geist noch immer lebendig und macht den Karneval von Las Palmas zu einem Fest voller Geschichte, Kreativit\u00e4t und jeder Menge Spa\u00df.<\/p>\n<\/div>\n<\/div>\n\n<hr class=\"wp-block-separator has-alpha-channel-opacity\" style=\"margin-top:2rem;margin-bottom:2rem\"\/>\n\n<div class=\"wp-block-group is-layout-flow wp-block-group-is-layout-flow\">\n<h2 class=\"wp-block-heading has-text-align-center\" style=\"margin-bottom:1.5rem;font-style:normal;font-weight:600\">Unterkunft und Verpflegung<\/h2>\n\n\n\n<div class=\"wp-block-columns are-vertically-aligned-top is-layout-flex wp-container-core-columns-is-layout-cfc4b5c0 wp-block-columns-is-layout-flex\">\n<div class=\"wp-block-column is-vertically-aligned-top is-layout-flow wp-block-column-is-layout-flow\" style=\"flex-basis:50%\">\n<p style=\"text-align: justify;\">W\u00e4hrend des Camps \u00fcbernachten die Teilnehmer im <strong>4-Sterne-<\/strong> <strong>Hotel Silken Saaj Las Palmas.<\/strong> Es liegt zentral in Las Palmas de Gran Canaria. <strong>Der Strand Playa de Las Alcaravaneras ist nur 2\u20133 Gehminuten (ca. 200 Meter) vom Hotel entfernt<\/strong> , sodass Sie bequem zu unseren t\u00e4glichen Beachvolleyball-Einheiten gelangen. <strong>In 8\u201310 Minuten erreichen Sie zu Fu\u00df<\/strong> die <strong>Plaza de Espa\u00f1a \u2013 das Stadtzentrum<\/strong> mit Restaurants, Caf\u00e9s, Sehensw\u00fcrdigkeiten und lebhafter <strong>Karnevalsatmosph\u00e4re!<\/strong><\/p>\n<p style=\"text-align: justify;\">Ihr Aufenthalt beinhaltet <strong>ein t\u00e4gliches Fr\u00fchst\u00fccksbuffet<\/strong>, das Ihnen den perfekten Start in einen Tag voller Beachvolleyball-Training und Aktivit\u00e4ten bietet. Die gem\u00fctlichen und ger\u00e4umigen Zimmer sind entweder mit einem Doppelbett oder zwei Einzelbetten ausgestattet und verf\u00fcgen \u00fcber Klimaanlage, Smart-TV, einen Schreibtisch, ein B\u00fcgeleisen und einen F\u00f6hn.  <\/p>\n<p style=\"text-align: justify;\">Sollten Sie <strong>Ihren Aufenthalt<\/strong> vor oder nach dem Camp <strong>verl\u00e4ngern<\/strong> m\u00f6chten, stehen Ihnen auf Anfrage m\u00f6glicherweise zus\u00e4tzliche \u00dcbernachtungen zur Verf\u00fcgung. Gegen einen Aufpreis k\u00f6nnen Sie Ihr Zimmer auch auf ein Zimmer <strong>mit Meerblick<\/strong> oder <strong>Premium-Meerblick<\/strong> upgraden. <strong>Siehe Preis\u00fcbersicht.<\/strong><\/p>\n<\/div>\n\n\n\n<div class=\"wp-block-column is-vertically-aligned-top is-layout-flow wp-block-column-is-layout-flow\" style=\"flex-basis:50%\">\n<figure class=\"wp-block-image size-full has-custom-border\"><img loading=\"lazy\" decoding=\"async\" width=\"2048\" height=\"1365\" src=\"https:\/\/kontracamps.com\/wp-content\/uploads\/2026\/08\/big-copia-de-habitacin-estndar-2-hotel-silken-saaj-5f15ccc829785cbfdb65d2d9ed28cc13-44aee3ad7bbf15a1b4abad5baa182ed5.webp\" alt=\"\" class=\"wp-image-16245\" style=\"border-radius:8px\" srcset=\"https:\/\/kontracamps.com\/wp-content\/uploads\/2026\/08\/big-copia-de-habitacin-estndar-2-hotel-silken-saaj-5f15ccc829785cbfdb65d2d9ed28cc13-44aee3ad7bbf15a1b4abad5baa182ed5.webp 2048w, https:\/\/kontracamps.com\/wp-content\/uploads\/2026\/08\/big-copia-de-habitacin-estndar-2-hotel-silken-saaj-5f15ccc829785cbfdb65d2d9ed28cc13-44aee3ad7bbf15a1b4abad5baa182ed5-640x427.webp 640w, https:\/\/kontracamps.com\/wp-content\/uploads\/2026\/08\/big-copia-de-habitacin-estndar-2-hotel-silken-saaj-5f15ccc829785cbfdb65d2d9ed28cc13-44aee3ad7bbf15a1b4abad5baa182ed5-1280x853.webp 1280w, https:\/\/kontracamps.com\/wp-content\/uploads\/2026\/08\/big-copia-de-habitacin-estndar-2-hotel-silken-saaj-5f15ccc829785cbfdb65d2d9ed28cc13-44aee3ad7bbf15a1b4abad5baa182ed5-768x512.webp 768w, https:\/\/kontracamps.com\/wp-content\/uploads\/2026\/08\/big-copia-de-habitacin-estndar-2-hotel-silken-saaj-5f15ccc829785cbfdb65d2d9ed28cc13-44aee3ad7bbf15a1b4abad5baa182ed5-1536x1024.webp 1536w, https:\/\/kontracamps.com\/wp-content\/uploads\/2026\/08\/big-copia-de-habitacin-estndar-2-hotel-silken-saaj-5f15ccc829785cbfdb65d2d9ed28cc13-44aee3ad7bbf15a1b4abad5baa182ed5-600x400.webp 600w\" sizes=\"auto, (max-width: 2048px) 100vw, 2048px\" \/><\/figure>\n<\/div>\n<\/div>\n<\/div>\n\n<hr class=\"wp-block-separator has-alpha-channel-opacity\" style=\"margin-top:2rem;margin-bottom:2rem\"\/>\n\n<div class=\"wp-block-group is-layout-flow wp-block-group-is-layout-flow\">\n<h2 class=\"wp-block-heading has-text-align-center\" style=\"margin-bottom:1.5rem;font-style:normal;font-weight:600\">On the court<\/h2>\n\n\n\n<div class=\"wp-block-columns are-vertically-aligned-top is-layout-flex wp-container-core-columns-is-layout-cfc4b5c0 wp-block-columns-is-layout-flex\">\n<div class=\"wp-block-column is-vertically-aligned-top is-layout-flow wp-block-column-is-layout-flow\" style=\"flex-basis:50%\">\n<figure class=\"wp-block-image size-full has-custom-border\"><img loading=\"lazy\" decoding=\"async\" width=\"2000\" height=\"1336\" src=\"https:\/\/kontracamps.com\/wp-content\/uploads\/2026\/05\/DSC00090-10.jpg\" alt=\"\" class=\"wp-image-14797\" style=\"border-radius:8px\" srcset=\"https:\/\/kontracamps.com\/wp-content\/uploads\/2026\/05\/DSC00090-10.jpg 2000w, https:\/\/kontracamps.com\/wp-content\/uploads\/2026\/05\/DSC00090-10-640x428.jpg 640w, https:\/\/kontracamps.com\/wp-content\/uploads\/2026\/05\/DSC00090-10-1280x855.jpg 1280w, https:\/\/kontracamps.com\/wp-content\/uploads\/2026\/05\/DSC00090-10-768x513.jpg 768w, https:\/\/kontracamps.com\/wp-content\/uploads\/2026\/05\/DSC00090-10-1536x1026.jpg 1536w, https:\/\/kontracamps.com\/wp-content\/uploads\/2026\/05\/DSC00090-10-600x401.jpg 600w\" sizes=\"auto, (max-width: 2000px) 100vw, 2000px\" \/><\/figure>\n<\/div>\n\n\n\n<div class=\"wp-block-column is-vertically-aligned-top is-layout-flow wp-block-column-is-layout-flow\" style=\"flex-basis:50%\">\n<p class=\"isSelectedEnd\" style=\"text-align: justify;\"><strong>Die Qualit\u00e4t des Trainings hat f\u00fcr uns oberste Priorit\u00e4t.<\/strong> Unsere Camps stehen Spielern aller Spielst\u00e4rken offen und bieten kleine Gruppen mit jeweils <strong>6 Spielern (bis zu 8 f\u00fcr Anf\u00e4nger)<\/strong>, einen eigenen court sowie einen engagierten Trainer. Jede training session dauert <strong>90 Minuten und wird auf Englisch abgehalten.<\/strong><\/p>\n<p class=\"isSelectedEnd\" style=\"text-align: justify;\">Das Camp umfasst <strong>8 training sessions sowie 3 Turniere \u2013 ein unterhaltsames geselliges Turnier zum Kennenlernen, gefolgt von 2 Wettkampfturnieren. Au\u00dferdem <\/strong>gibt es reichlich Zeit, gemeinsam Spa\u00df zu haben \u2013 mit einem <strong>Vortrag, einem Quiz, einem Ausflug und vielem mehr<\/strong>. Das vollst\u00e4ndige Programm finden Sie im untenstehenden Zeitplan!<\/p>\n<p style=\"text-align: justify;\" data-start=\"627\" data-end=\"718\">Au\u00dferdem haben Sie freien Zugang zu den Pl\u00e4tzen, so dass Sie noch mehr spielen k\u00f6nnen, wenn Sie m\u00f6chten.<\/p>\n<p style=\"text-align: justify;\" data-start=\"720\" data-end=\"886\">Wenn Sie Ihre eigene Trainingsgruppe haben, empfehlen wir Ihnen, sich als Gruppe oder Paar anzumelden. Wenn Sie sich alleine anmelden, werden wir Sie einer passenden Trainingsgruppe zuordnen.<\/p>\n<\/div>\n<\/div>\n<\/div>\n\n<hr class=\"wp-block-separator has-alpha-channel-opacity\" style=\"margin-top:2rem;margin-bottom:2rem\"\/>\n\n<div class=\"wp-block-group is-layout-flow wp-block-group-is-layout-flow\">\n<h2 class=\"wp-block-heading has-text-align-center\" style=\"margin-bottom:1.5rem;font-style:normal;font-weight:600\">Zeitplan<\/h2>\n\n\n\n<div class=\"wp-block-columns is-layout-flex wp-container-core-columns-is-layout-5f2d26f3 wp-block-columns-is-layout-flex\" style=\"margin-bottom:1.5rem\">\n<div class=\"wp-block-column is-layout-flow wp-block-column-is-layout-flow\">\n<p style=\"text-align: justify;\">Hier ist der vorl\u00e4ufige Zeitplan f\u00fcr das Camp. Die endg\u00fcltige Fassung kann je nach Teilnehmerzahl und Wetterbedingungen von der hier dargestellten Version abweichen.<\/p>\n<p style=\"text-align: justify;\"><strong>6. Februar \u2013 Anreisetag:<\/strong><\/p>\n<ul>\n<li style=\"text-align: justify;\">Zugang zu den Courts ab dem Vormittag<\/li>\n<li style=\"text-align: justify;\">Check-in im Hotel ab 14:00 Uhr m\u00f6glich<\/li>\n<li style=\"text-align: justify;\">17:00 \u2013 19:00 Uhr \u2013 Kennenlernspiele (Geselligkeitsturnier) \u2013 nehmen Sie teil, wenn Sie k\u00f6nnen<\/li>\n<li style=\"text-align: justify;\">21:30 Uhr \u2013 Er\u00f6ffnung des Camps und Willkommensfeier<\/li>\n<\/ul>\n<\/div>\n\n\n\n<div class=\"wp-block-column is-layout-flow wp-block-column-is-layout-flow\">\n<p style=\"text-align: justify;\"><strong>13. Februar \u2013 Abreisetag:<\/strong><\/p>\n<ul>\n<li>ganzt\u00e4gig \u2013 freie Nutzung der Courts<\/li>\n<li>bis 12:00 Uhr \u2013 Check-out aus dem Hotel<\/li>\n<li>Ende des Camps\u2026<\/li>\n<\/ul>\n<p>Es besteht die M\u00f6glichkeit eines sp\u00e4ten Check-outs; weitere Informationen und Preise erhalten Sie direkt an der Rezeption. <\/p> \n<p style=\"text-align: justify;\">\n<\/div>\n<\/div>\n\n\n\n<figure class=\"wp-block-image aligncenter size-full has-custom-border\"><a href=\"https:\/\/kontracamps.com\/wp-content\/uploads\/2026\/08\/Domina-BV-2.png\"><img loading=\"lazy\" decoding=\"async\" width=\"2100\" height=\"1200\" src=\"https:\/\/kontracamps.com\/wp-content\/uploads\/2026\/08\/Domina-BV-2.png\" alt=\"\" class=\"wp-image-16515\" style=\"border-radius:8px\" srcset=\"https:\/\/kontracamps.com\/wp-content\/uploads\/2026\/08\/Domina-BV-2.png 2100w, https:\/\/kontracamps.com\/wp-content\/uploads\/2026\/08\/Domina-BV-2-640x366.png 640w, https:\/\/kontracamps.com\/wp-content\/uploads\/2026\/08\/Domina-BV-2-1280x731.png 1280w, https:\/\/kontracamps.com\/wp-content\/uploads\/2026\/08\/Domina-BV-2-768x439.png 768w, https:\/\/kontracamps.com\/wp-content\/uploads\/2026\/08\/Domina-BV-2-1536x878.png 1536w, https:\/\/kontracamps.com\/wp-content\/uploads\/2026\/08\/Domina-BV-2-2048x1170.png 2048w, https:\/\/kontracamps.com\/wp-content\/uploads\/2026\/08\/Domina-BV-2-600x343.png 600w\" sizes=\"auto, (max-width: 2100px) 100vw, 2100px\" \/><\/a><\/figure>\n<\/div>\n\n<hr class=\"wp-block-separator has-alpha-channel-opacity\" style=\"margin-top:2rem;margin-bottom:2rem\"\/>\n\n<div class=\"wp-block-group is-layout-flow wp-block-group-is-layout-flow\">\n<h2 class=\"wp-block-heading has-text-align-center\" style=\"margin-bottom:1.5rem;font-style:normal;font-weight:600\">F\u00fcr wen?<\/h2>\n\n\n\n<div class=\"wp-block-columns are-vertically-aligned-top is-layout-flex wp-container-core-columns-is-layout-cfc4b5c0 wp-block-columns-is-layout-flex\">\n<div class=\"wp-block-column is-vertically-aligned-top is-layout-flow wp-block-column-is-layout-flow\" style=\"flex-basis:50%\"><\/div>\n<\/div>\n<\/div>\n\n<div class=\"wp-block-columns is-layout-flex wp-container-core-columns-is-layout-8f761849 wp-block-columns-is-layout-flex\">\n<div class=\"wp-block-column is-layout-flow wp-block-column-is-layout-flow\">\n<figure class=\"wp-block-image size-large has-custom-border\"><img loading=\"lazy\" decoding=\"async\" width=\"1280\" height=\"855\" src=\"https:\/\/kontracamps.com\/wp-content\/uploads\/2026\/08\/DSC01980-225-1280x855.jpg\" alt=\"\" class=\"wp-image-16250\" style=\"border-radius:8px\" srcset=\"https:\/\/kontracamps.com\/wp-content\/uploads\/2026\/08\/DSC01980-225-1280x855.jpg 1280w, https:\/\/kontracamps.com\/wp-content\/uploads\/2026\/08\/DSC01980-225-640x428.jpg 640w, https:\/\/kontracamps.com\/wp-content\/uploads\/2026\/08\/DSC01980-225-768x513.jpg 768w, https:\/\/kontracamps.com\/wp-content\/uploads\/2026\/08\/DSC01980-225-1536x1026.jpg 1536w, https:\/\/kontracamps.com\/wp-content\/uploads\/2026\/08\/DSC01980-225-600x401.jpg 600w, https:\/\/kontracamps.com\/wp-content\/uploads\/2026\/08\/DSC01980-225.jpg 2000w\" sizes=\"auto, (max-width: 1280px) 100vw, 1280px\" \/><\/figure>\n<\/div>\n\n\n\n<div class=\"wp-block-column is-layout-flow wp-block-column-is-layout-flow\">\n<p style=\"text-align: justify;\">Unsere Camps hei\u00dfen <strong>Alleinreisende, Paare und Gruppen<\/strong> herzlich willkommen \u2013 ganz gleich, ob Sie mit einem kompletten Team oder ganz allein anreisen. Reisen Sie allein an? Wir helfen Ihnen gerne dabei, einen <strong>Zimmerpartner und eine Trainingsgruppe auf Ihrem Niveau<\/strong> zu finden, damit Sie sich ganz aufs Spielen, neue Bekanntschaften und den Spa\u00df konzentrieren k\u00f6nnen. Viele Teilnehmer kommen alleine und reisen mit <strong>neuen Freunden und einem Team f\u00fcr ihr n\u00e4chstes Camp<\/strong> wieder ab <strong>!<\/strong><\/p>\n<p style=\"text-align: justify;\">Unsere Camps stehen <strong>Erwachsenen sowie j\u00fcngeren Spielern unter elterlicher Aufsicht<\/strong> offen. Wir haben bereits Spieler <strong>im Alter<\/strong> von <strong>13 bis 67 Jahren<\/strong> bei uns willkommen gehei\u00dfen \u2013 es gibt also kein \u201erichtiges\u201c Alter f\u00fcr die Teilnahme. Bringen Sie einfach Ihre Begeisterung f\u00fcr Beachvolleyball mit!<\/p>\n<\/div>\n<\/div>\n\n<hr class=\"wp-block-separator has-alpha-channel-opacity\" style=\"margin-top:2rem;margin-bottom:2rem\"\/>\n\n<div class=\"wp-block-group is-layout-flow wp-block-group-is-layout-flow\">\n<h2 class=\"wp-block-heading has-text-align-center\" style=\"margin-bottom:1.5rem;font-style:normal;font-weight:600\">Sport-Paket  <\/h2>\n\n\n\n<div class=\"wp-block-columns is-layout-flex wp-container-core-columns-is-layout-cfc4b5c0 wp-block-columns-is-layout-flex\">\n<div class=\"wp-block-column is-vertically-aligned-center is-layout-flow wp-block-column-is-layout-flow\" style=\"flex-basis:50%\">\n<p style=\"text-align: justify;\">M\u00f6chten Sie an den sportlichen Aktivit\u00e4ten teilnehmen, aber Ihre Unterkunft und Verpflegung selbst organisieren?  <\/p>\n<p>Hier ist der Standort des Courts: https: <a href=\"https:\/\/maps.app.goo.gl\/UTWxHMep6B6noPUA7\">\/\/maps.app.goo.gl\/ejdjBqzQ9MLEAvST6 <\/a> <\/p>\n<p>Das Sport-Paket umfasst:<\/p>\n<p>\u2705 alle Trainings<br\/>\u2705 alle Turniere<br\/>\u2705 kostenlose Nutzung der Pl\u00e4tze<br\/>\u2705 Vortrag<br\/>\u2705 Konditionstraining<br\/>\u2705 Willkommenspaket<br\/>\u2705 aktive Erholung und Beweglichkeitstraining<br\/>\u2705 Eintritt zu allen Veranstaltungen<\/p>\n<p>In der Preisliste finden Sie den Preis f\u00fcr das Sportpaket.<\/p>\n<\/div>\n\n\n\n<div class=\"wp-block-column is-vertically-aligned-top is-layout-flow wp-block-column-is-layout-flow\" style=\"flex-basis:50%\">\n<figure class=\"wp-block-image size-full has-custom-border\"><img loading=\"lazy\" decoding=\"async\" width=\"2000\" height=\"1336\" src=\"https:\/\/kontracamps.com\/wp-content\/uploads\/2026\/08\/DSC06945-38.jpg\" alt=\"\" class=\"wp-image-16255\" style=\"border-radius:8px\" srcset=\"https:\/\/kontracamps.com\/wp-content\/uploads\/2026\/08\/DSC06945-38.jpg 2000w, https:\/\/kontracamps.com\/wp-content\/uploads\/2026\/08\/DSC06945-38-640x428.jpg 640w, https:\/\/kontracamps.com\/wp-content\/uploads\/2026\/08\/DSC06945-38-1280x855.jpg 1280w, https:\/\/kontracamps.com\/wp-content\/uploads\/2026\/08\/DSC06945-38-768x513.jpg 768w, https:\/\/kontracamps.com\/wp-content\/uploads\/2026\/08\/DSC06945-38-1536x1026.jpg 1536w, https:\/\/kontracamps.com\/wp-content\/uploads\/2026\/08\/DSC06945-38-600x401.jpg 600w\" sizes=\"auto, (max-width: 2000px) 100vw, 2000px\" \/><\/figure>\n<\/div>\n<\/div>\n<\/div>\n\n<hr class=\"wp-block-separator has-alpha-channel-opacity\" style=\"margin-top:2rem;margin-bottom:2rem\"\/>\n\n<h2 class=\"wp-block-heading has-text-align-center\" style=\"margin-bottom:1.5rem;font-style:normal;font-weight:600\"><strong>Familie und Freunde<\/strong><\/h2>\n\n<div class=\"wp-block-columns are-vertically-aligned-top is-layout-flex wp-container-core-columns-is-layout-cfc4b5c0 wp-block-columns-is-layout-flex\">\n<div class=\"wp-block-column is-vertically-aligned-top is-layout-flow wp-block-column-is-layout-flow\" style=\"flex-basis:50%\">\n<figure class=\"wp-block-image size-full has-custom-border\"><img loading=\"lazy\" decoding=\"async\" width=\"2000\" height=\"1336\" src=\"https:\/\/kontracamps.com\/wp-content\/uploads\/2026\/08\/DSC08862-10-1.jpg\" alt=\"\" class=\"wp-image-16260\" style=\"border-radius:8px\" srcset=\"https:\/\/kontracamps.com\/wp-content\/uploads\/2026\/08\/DSC08862-10-1.jpg 2000w, https:\/\/kontracamps.com\/wp-content\/uploads\/2026\/08\/DSC08862-10-1-640x428.jpg 640w, https:\/\/kontracamps.com\/wp-content\/uploads\/2026\/08\/DSC08862-10-1-1280x855.jpg 1280w, https:\/\/kontracamps.com\/wp-content\/uploads\/2026\/08\/DSC08862-10-1-768x513.jpg 768w, https:\/\/kontracamps.com\/wp-content\/uploads\/2026\/08\/DSC08862-10-1-1536x1026.jpg 1536w, https:\/\/kontracamps.com\/wp-content\/uploads\/2026\/08\/DSC08862-10-1-600x401.jpg 600w\" sizes=\"auto, (max-width: 2000px) 100vw, 2000px\" \/><\/figure>\n<\/div>\n\n\n\n<div class=\"wp-block-column is-vertically-aligned-top is-layout-flow wp-block-column-is-layout-flow\" style=\"flex-basis:50%\">\n<div class=\"wp-block-columns is-layout-flex wp-container-core-columns-is-layout-8f761849 wp-block-columns-is-layout-flex\">\n<div class=\"wp-block-column is-layout-flow wp-block-column-is-layout-flow\">\n<p style=\"text-align: justify;\">Ihr Partner, Freund oder Familienmitglied ist herzlich willkommen! F\u00fcgen Sie bei der Buchung einen <strong>travel companion<\/strong> hinzu und genie\u00dfen Sie das Camp gemeinsam.  <\/p>\n<p style=\"text-align: justify;\">\n\n\n\n\n<p class=\"wp-block-paragraph\" style=\"text-align: justify;\">Begleitpersonen k\u00f6nnen an unseren <strong>geselligen Aktivit\u00e4ten, Vortr\u00e4gen, Konditions- und Dehnungs\u00fcbungen<\/strong> teilnehmen und die Courts sogar au\u00dferhalb der Trainingszeiten nutzen. Sie nehmen lediglich nicht an den <strong>training sessions oder Turnieren<\/strong> teil \u2013 Sie haben also reichlich Zeit, das Camp ganz nach Ihren Vorstellungen zu genie\u00dfen!<\/p>\n<p style=\"text-align: justify;\"><strong>Reisen Sie mit Kindern?<\/strong> Bitte beachten Sie, dass f\u00fcr Kinder in diesem Hotel der <strong>regul\u00e4re Preis<\/strong> berechnet wird. Wenn Sie mit einem Kind reisen, ist es unter Umst\u00e4nden kosteng\u00fcnstiger, <strong>eine separate Unterkunft und ein separates Sportpaket<\/strong> zu buchen.<\/p>\n<p>\n<\/p>\n\n\n\n<p class=\"wp-block-paragraph\"> <\/p>\n<\/div>\n<\/div>\n<\/div>\n<\/div>\n\n<hr class=\"wp-block-separator has-alpha-channel-opacity\" style=\"margin-top:2rem;margin-bottom:2rem\"\/>\n\n<div class=\"wp-block-group is-layout-flow wp-block-group-is-layout-flow\">\n<h2 class=\"wp-block-heading has-text-align-center\" style=\"margin-bottom:1.5rem;font-style:normal;font-weight:600\">Reiseinformationen<\/h2>\n\n\n\n<div class=\"wp-block-columns is-layout-flex wp-container-core-columns-is-layout-cfc4b5c0 wp-block-columns-is-layout-flex\">\n<div class=\"wp-block-column is-vertically-aligned-top is-layout-flow wp-block-column-is-layout-flow\" style=\"flex-basis:50%\">\n<p class=\"isSelectedEnd\" style=\"text-align: justify;\">Der <strong>einfachste Weg, um vom Flughafen Gran Canaria (LPA) zum Hotel Silken Saaj in Las Palmas zu gelangen<\/strong>, ist mit<strong> dem \u00f6ffentlichen Bus<\/strong> <strong>oder<\/strong> mit <strong>dem Taxi\/Uber.<\/strong><\/p>\n<p style=\"text-align: justify;\"><strong>\u00d6ffentlicher Bus:<\/strong> Sie k\u00f6nnen <strong>die Global-Buslinien L60<\/strong> oder <strong>L91<\/strong> direkt vom Flughafen in Richtung Las Palmas nehmen. Die Fahrt dauert etwa <strong>30 bis 40 Minuten<\/strong> und kostet ca. <strong>3 bis 5<\/strong> \u20ac. Der Fu\u00dfweg von der Bushaltestelle zum Hotel dauert ca. 8 bis 10 Minuten. <\/p> \n<p class=\"isSelectedEnd\" style=\"text-align: justify;\"><strong>Taxi:<\/strong> Die Fahrt dauert etwa <strong>20 bis 25 Minuten<\/strong> und kostet je nach Verkehrslage in der Regel etwa <strong>30 bis 40 Euro<\/strong>. Wenn wir uns dem Camp n\u00e4hern, werden wir in unserer <strong>WhatsApp-Gruppe<\/strong> eine <strong>\u201eTransport\u201c-<\/strong> Gruppe einrichten, in der Sie sich mit anderen Spielern vernetzen und gemeinsam Fahrgemeinschaften bilden k\u00f6nnen!<\/p>\n<p style=\"text-align: justify;\"><span style=\"color: #111827;\"><strong><span style=\"color: #01224d;\">EuropCar: <\/span><\/strong>Eine weitere gute M\u00f6glichkeit ist <strong>die Anmietung eines Fahrzeugs<\/strong> \u00fcber unseren Partner <\/span><span style=\"color: #01224d;\">EuropCar<\/span><span style=\"color: #111827;\">ein Auto zu mieten, wo Sie <\/span><span style=\"color: #01224d;\">15 % Rabatt<\/span><span style=\"color: #111827;\"> auf den Grundpreis erhalten. Der Rabatt gilt f\u00fcr Reservierungen, die per E-Mail oder Telefon vorgenommen werden: rezerwacje@europcar.pl; +48 22 255 56 00-01. <\/span> <\/p>\n<p>&nbsp;<\/p>\n<div class=\"qMYqUG_convSearchResultHighlightRoot\">\n<div class=\"\" data-turn-id-container=\"request-WEB:74e20458-7864-4b60-9257-5312336b42e4-18\" data-is-intersecting=\"true\">\n<div class=\"relative w-full overflow-visible\">\n<section class=\"text-token-text-primary w-full focus:outline-none has-data-writing-block:pointer-events-none [&amp;:has([data-writing-block])&gt;*]:pointer-events-auto R6Vx5W_threadScrollVars scroll-mb-[calc(var(--scroll-root-safe-area-inset-bottom,0px)+var(--thread-response-height))] scroll-mt-[calc(var(--header-height)+min(200px,max(70px,20svh)))]\" dir=\"auto\" data-turn-id=\"request-WEB:74e20458-7864-4b60-9257-5312336b42e4-18\" data-turn-id-container=\"request-WEB:74e20458-7864-4b60-9257-5312336b42e4-18\" data-testid=\"conversation-turn-38\" data-scroll-anchor=\"false\" data-turn=\"assistant\">\n<div class=\"text-base my-auto mx-auto pb-10 [--thread-content-margin:var(--thread-content-margin-xs,calc(var(--spacing)*4))] @w-sm\/main:[--thread-content-margin:var(--thread-content-margin-sm,calc(var(--spacing)*6))] @w-lg\/main:[--thread-content-margin:var(--thread-content-margin-lg,calc(var(--spacing)*16))] px-(--thread-content-margin)\">\n<div class=\"[--thread-content-max-width:40rem] @w-lg\/main:[--thread-content-max-width:48rem] mx-auto max-w-(--thread-content-max-width) flex-1 group\/turn-messages focus-visible:outline-hidden relative flex w-full min-w-0 flex-col agent-turn\">\n<div class=\"mt-3 w-full empty:hidden\">\n<div class=\"text-center\"> <\/div>\n<\/div>\n<\/div>\n<\/div>\n<\/section>\n<div class=\"contents\"> <\/div>\n<\/div>\n<\/div>\n<\/div>\n<div class=\"pointer-events-none -mt-px h-px translate-y-[calc(var(--scroll-root-safe-area-inset-bottom)-14*var(--spacing))]\" aria-hidden=\"true\"> <\/div>\n<p style=\"text-align: justify;\" data-start=\"157\" data-end=\"394\"> <\/p>\n<\/div>\n\n\n\n<div class=\"wp-block-column is-vertically-aligned-top is-layout-flow wp-block-column-is-layout-flow\" style=\"flex-basis:50%\">\n<figure class=\"wp-block-image size-full has-custom-border\"><img loading=\"lazy\" decoding=\"async\" width=\"900\" height=\"450\" src=\"https:\/\/kontracamps.com\/wp-content\/uploads\/2026\/08\/WhatsApp-Image-2026-08-31-at-13.38.02.jpeg\" alt=\"\" class=\"wp-image-16488\" style=\"border-radius:8px\" srcset=\"https:\/\/kontracamps.com\/wp-content\/uploads\/2026\/08\/WhatsApp-Image-2026-08-31-at-13.38.02.jpeg 900w, https:\/\/kontracamps.com\/wp-content\/uploads\/2026\/08\/WhatsApp-Image-2026-08-31-at-13.38.02-640x320.jpeg 640w, https:\/\/kontracamps.com\/wp-content\/uploads\/2026\/08\/WhatsApp-Image-2026-08-31-at-13.38.02-768x384.jpeg 768w, https:\/\/kontracamps.com\/wp-content\/uploads\/2026\/08\/WhatsApp-Image-2026-08-31-at-13.38.02-600x300.jpeg 600w\" sizes=\"auto, (max-width: 900px) 100vw, 900px\" \/><\/figure>\n<\/div>\n<\/div>\n<\/div>\n\n<hr class=\"wp-block-separator has-alpha-channel-opacity\" style=\"margin-top:2rem;margin-bottom:2rem\"\/>\n\n<hr class=\"wp-block-separator has-alpha-channel-opacity\" style=\"margin-top:2rem;margin-bottom:2rem\"\/>\n\n<p class=\"wp-block-paragraph\"><\/p>\n","protected":false},"excerpt":{"rendered":"<p>Der Ort Las Palmas de Gran Canaria, im Norden der Insel gelegen, ist die Hauptstadt und gr\u00f6\u00dfte Stadt von Gran Canaria. Mit ihren Atlantikstr\u00e4nden, dem ganzj\u00e4hrig milden Klima und einer lebhaften Stadtatmosph\u00e4re ist sie ein idealer Ort, um Beachvolleyball mit allem zu verbinden, was die Kanarischen Inseln zu bieten haben. Das Camp findet an der [&#8230;]\n","protected":false},"featured_media":16570,"menu_order":0,"template":"","categories":[466],"location":[532],"class_list":["post-16587","camp","type-camp","status-publish","has-post-thumbnail","hentry","category-beachvolleyball","location-las-palmas-de-gran-canaria"],"aioseo_notices":[],"aioseo_head":"\n\t\t<!-- All in One SEO 5.0.0.1 - aioseo.com -->\n\t<meta name=\"description\" content=\"Der Ort Las Palmas de Gran Canaria, im Norden der Insel gelegen, ist die Hauptstadt und gr\u00f6\u00dfte Stadt von Gran Canaria. Mit ihren Atlantikstr\u00e4nden, dem ganzj\u00e4hrig milden Klima und einer lebhaften Stadtatmosph\u00e4re ist sie ein idealer Ort, um Beachvolleyball mit allem zu verbinden, was die Kanarischen Inseln zu bieten haben. Das Camp findet an der\" \/>\n\t<meta name=\"robots\" content=\"max-image-preview:large\" \/>\n\t<link rel=\"canonical\" href=\"https:\/\/kontracamps.com\/de\/camps\/beachvolleyball\/beachvolleyball-camp-auf-gran-canaria\/\" \/>\n\t<meta name=\"generator\" content=\"All in One SEO (AIOSEO) 5.0.0.1\" \/>\n\t\t<meta property=\"og:locale\" content=\"de_DE\" \/>\n\t\t<meta property=\"og:site_name\" content=\"Kontra Camps\" \/>\n\t\t<meta property=\"og:type\" content=\"article\" \/>\n\t\t<meta property=\"og:title\" content=\"Beachvolleyball-Camp auf Gran Canaria \u00bb Kontra Camps\" \/>\n\t\t<meta property=\"og:description\" content=\"Der Ort Las Palmas de Gran Canaria, im Norden der Insel gelegen, ist die Hauptstadt und gr\u00f6\u00dfte Stadt von Gran Canaria. Mit ihren Atlantikstr\u00e4nden, dem ganzj\u00e4hrig milden Klima und einer lebhaften Stadtatmosph\u00e4re ist sie ein idealer Ort, um Beachvolleyball mit allem zu verbinden, was die Kanarischen Inseln zu bieten haben. Das Camp findet an der\" \/>\n\t\t<meta property=\"og:url\" content=\"https:\/\/kontracamps.com\/de\/camps\/beachvolleyball\/beachvolleyball-camp-auf-gran-canaria\/\" \/>\n\t\t<meta property=\"og:image\" content=\"https:\/\/kontracamps.com\/wp-content\/uploads\/2024\/06\/beach-volleyball-camps-small-for-mobile.jpg\" \/>\n\t\t<meta property=\"og:image:secure_url\" content=\"https:\/\/kontracamps.com\/wp-content\/uploads\/2024\/06\/beach-volleyball-camps-small-for-mobile.jpg\" \/>\n\t\t<meta property=\"og:image:width\" content=\"1000\" \/>\n\t\t<meta property=\"og:image:height\" content=\"668\" \/>\n\t\t<meta property=\"article:published_time\" content=\"2026-09-03T12:20:19+00:00\" \/>\n\t\t<meta property=\"article:modified_time\" content=\"2026-09-03T12:24:29+00:00\" \/>\n\t\t<meta name=\"twitter:card\" content=\"summary_large_image\" \/>\n\t\t<meta name=\"twitter:title\" content=\"Beachvolleyball-Camp auf Gran Canaria \u00bb Kontra Camps\" \/>\n\t\t<meta name=\"twitter:description\" content=\"Der Ort Las Palmas de Gran Canaria, im Norden der Insel gelegen, ist die Hauptstadt und gr\u00f6\u00dfte Stadt von Gran Canaria. Mit ihren Atlantikstr\u00e4nden, dem ganzj\u00e4hrig milden Klima und einer lebhaften Stadtatmosph\u00e4re ist sie ein idealer Ort, um Beachvolleyball mit allem zu verbinden, was die Kanarischen Inseln zu bieten haben. Das Camp findet an der\" \/>\n\t\t<meta name=\"twitter:image\" content=\"https:\/\/kontracamps.com\/wp-content\/uploads\/2024\/06\/beach-volleyball-camps-small-for-mobile.jpg\" \/>\n\t\t<meta name=\"twitter:label1\" content=\"Gesch\u00e4tzte Lesedauer\" \/>\n\t\t<meta name=\"twitter:data1\" content=\"6 Minuten\" \/>\n\t\t<script type=\"application\/ld+json\" class=\"aioseo-schema\">\n\t\t\t{\"@context\":\"https:\\\/\\\/schema.org\",\"@graph\":[{\"@type\":\"BreadcrumbList\",\"@id\":\"https:\\\/\\\/kontracamps.com\\\/de\\\/camps\\\/beachvolleyball\\\/beachvolleyball-camp-auf-gran-canaria\\\/#breadcrumblist\",\"itemListElement\":[{\"@type\":\"ListItem\",\"@id\":\"https:\\\/\\\/kontracamps.com\\\/de\\\/#listItem\",\"position\":1,\"name\":\"Home\",\"item\":\"https:\\\/\\\/kontracamps.com\\\/de\\\/\",\"nextItem\":{\"@type\":\"ListItem\",\"@id\":\"https:\\\/\\\/kontracamps.com\\\/de\\\/camps\\\/%category%\\\/#listItem\",\"name\":\"Camps\"}},{\"@type\":\"ListItem\",\"@id\":\"https:\\\/\\\/kontracamps.com\\\/de\\\/camps\\\/%category%\\\/#listItem\",\"position\":2,\"name\":\"Camps\",\"item\":\"https:\\\/\\\/kontracamps.com\\\/de\\\/camps\\\/%category%\\\/\",\"nextItem\":{\"@type\":\"ListItem\",\"@id\":\"https:\\\/\\\/kontracamps.com\\\/de\\\/category\\\/beachvolleyball\\\/#listItem\",\"name\":\"Beachvolleyball\"},\"previousItem\":{\"@type\":\"ListItem\",\"@id\":\"https:\\\/\\\/kontracamps.com\\\/de\\\/#listItem\",\"name\":\"Home\"}},{\"@type\":\"ListItem\",\"@id\":\"https:\\\/\\\/kontracamps.com\\\/de\\\/category\\\/beachvolleyball\\\/#listItem\",\"position\":3,\"name\":\"Beachvolleyball\",\"item\":\"https:\\\/\\\/kontracamps.com\\\/de\\\/category\\\/beachvolleyball\\\/\",\"nextItem\":{\"@type\":\"ListItem\",\"@id\":\"https:\\\/\\\/kontracamps.com\\\/de\\\/camps\\\/beachvolleyball\\\/beachvolleyball-camp-auf-gran-canaria\\\/#listItem\",\"name\":\"Beachvolleyball-Camp auf Gran Canaria\"},\"previousItem\":{\"@type\":\"ListItem\",\"@id\":\"https:\\\/\\\/kontracamps.com\\\/de\\\/camps\\\/%category%\\\/#listItem\",\"name\":\"Camps\"}},{\"@type\":\"ListItem\",\"@id\":\"https:\\\/\\\/kontracamps.com\\\/de\\\/camps\\\/beachvolleyball\\\/beachvolleyball-camp-auf-gran-canaria\\\/#listItem\",\"position\":4,\"name\":\"Beachvolleyball-Camp auf Gran Canaria\",\"previousItem\":{\"@type\":\"ListItem\",\"@id\":\"https:\\\/\\\/kontracamps.com\\\/de\\\/category\\\/beachvolleyball\\\/#listItem\",\"name\":\"Beachvolleyball\"}}]},{\"@type\":\"Organization\",\"@id\":\"https:\\\/\\\/kontracamps.com\\\/de\\\/#organization\",\"name\":\"Kontra Camps\",\"description\":\"Kontra Camps organizes beach volleyball and padel camps in unique locations across Europe and beyond. We offer professional-level training led by experienced coaches, combined with a great atmosphere and an international community of motivated athletes from different countries.\",\"url\":\"https:\\\/\\\/kontracamps.com\\\/de\\\/\",\"logo\":{\"@type\":\"ImageObject\",\"url\":\"https:\\\/\\\/kontracamps.com\\\/wp-content\\\/uploads\\\/2025\\\/01\\\/logo-website-2-1.png\",\"@id\":\"https:\\\/\\\/kontracamps.com\\\/de\\\/camps\\\/beachvolleyball\\\/beachvolleyball-camp-auf-gran-canaria\\\/#organizationLogo\",\"width\":500,\"height\":140},\"image\":{\"@id\":\"https:\\\/\\\/kontracamps.com\\\/de\\\/camps\\\/beachvolleyball\\\/beachvolleyball-camp-auf-gran-canaria\\\/#organizationLogo\"}},{\"@type\":\"WebPage\",\"@id\":\"https:\\\/\\\/kontracamps.com\\\/de\\\/camps\\\/beachvolleyball\\\/beachvolleyball-camp-auf-gran-canaria\\\/#webpage\",\"url\":\"https:\\\/\\\/kontracamps.com\\\/de\\\/camps\\\/beachvolleyball\\\/beachvolleyball-camp-auf-gran-canaria\\\/\",\"name\":\"Beachvolleyball-Camp auf Gran Canaria \\u00bb Kontra Camps\",\"description\":\"Der Ort Las Palmas de Gran Canaria, im Norden der Insel gelegen, ist die Hauptstadt und gr\\u00f6\\u00dfte Stadt von Gran Canaria. Mit ihren Atlantikstr\\u00e4nden, dem ganzj\\u00e4hrig milden Klima und einer lebhaften Stadtatmosph\\u00e4re ist sie ein idealer Ort, um Beachvolleyball mit allem zu verbinden, was die Kanarischen Inseln zu bieten haben. Das Camp findet an der\",\"inLanguage\":\"de-DE\",\"isPartOf\":{\"@id\":\"https:\\\/\\\/kontracamps.com\\\/de\\\/#website\"},\"breadcrumb\":{\"@id\":\"https:\\\/\\\/kontracamps.com\\\/de\\\/camps\\\/beachvolleyball\\\/beachvolleyball-camp-auf-gran-canaria\\\/#breadcrumblist\"},\"image\":{\"@type\":\"ImageObject\",\"url\":\"https:\\\/\\\/kontracamps.com\\\/wp-content\\\/uploads\\\/2026\\\/09\\\/Image-Blend-Blur-Transition.png\",\"@id\":\"https:\\\/\\\/kontracamps.com\\\/de\\\/camps\\\/beachvolleyball\\\/beachvolleyball-camp-auf-gran-canaria\\\/#mainImage\",\"width\":851,\"height\":315},\"primaryImageOfPage\":{\"@id\":\"https:\\\/\\\/kontracamps.com\\\/de\\\/camps\\\/beachvolleyball\\\/beachvolleyball-camp-auf-gran-canaria\\\/#mainImage\"},\"datePublished\":\"2026-09-03T14:20:19+02:00\",\"dateModified\":\"2026-09-03T14:24:29+02:00\"},{\"@type\":\"WebSite\",\"@id\":\"https:\\\/\\\/kontracamps.com\\\/de\\\/#website\",\"url\":\"https:\\\/\\\/kontracamps.com\\\/de\\\/\",\"name\":\"Kontra Camps\",\"alternateName\":\"Kontra Camps\",\"description\":\"Sport Camps\",\"inLanguage\":\"de-DE\",\"publisher\":{\"@id\":\"https:\\\/\\\/kontracamps.com\\\/de\\\/#organization\"}}]}\n\t\t<\/script>\n\t\t<!-- All in One SEO -->\n\n","aioseo_head_json":{"title":"Beachvolleyball-Camp auf Gran Canaria \u00bb Kontra Camps","description":"Der Ort Las Palmas de Gran Canaria, im Norden der Insel gelegen, ist die Hauptstadt und gr\u00f6\u00dfte Stadt von Gran Canaria. Mit ihren Atlantikstr\u00e4nden, dem ganzj\u00e4hrig milden Klima und einer lebhaften Stadtatmosph\u00e4re ist sie ein idealer Ort, um Beachvolleyball mit allem zu verbinden, was die Kanarischen Inseln zu bieten haben. Das Camp findet an der","canonical_url":"https:\/\/kontracamps.com\/de\/camps\/beachvolleyball\/beachvolleyball-camp-auf-gran-canaria\/","robots":"max-image-preview:large","keywords":"","webmasterTools":{"miscellaneous":""},"schema":{"@context":"https:\/\/schema.org","@graph":[{"@type":"BreadcrumbList","@id":"https:\/\/kontracamps.com\/de\/camps\/beachvolleyball\/beachvolleyball-camp-auf-gran-canaria\/#breadcrumblist","itemListElement":[{"@type":"ListItem","@id":"https:\/\/kontracamps.com\/de\/#listItem","position":1,"name":"Home","item":"https:\/\/kontracamps.com\/de\/","nextItem":{"@type":"ListItem","@id":"https:\/\/kontracamps.com\/de\/camps\/%category%\/#listItem","name":"Camps"}},{"@type":"ListItem","@id":"https:\/\/kontracamps.com\/de\/camps\/%category%\/#listItem","position":2,"name":"Camps","item":"https:\/\/kontracamps.com\/de\/camps\/%category%\/","nextItem":{"@type":"ListItem","@id":"https:\/\/kontracamps.com\/de\/category\/beachvolleyball\/#listItem","name":"Beachvolleyball"},"previousItem":{"@type":"ListItem","@id":"https:\/\/kontracamps.com\/de\/#listItem","name":"Home"}},{"@type":"ListItem","@id":"https:\/\/kontracamps.com\/de\/category\/beachvolleyball\/#listItem","position":3,"name":"Beachvolleyball","item":"https:\/\/kontracamps.com\/de\/category\/beachvolleyball\/","nextItem":{"@type":"ListItem","@id":"https:\/\/kontracamps.com\/de\/camps\/beachvolleyball\/beachvolleyball-camp-auf-gran-canaria\/#listItem","name":"Beachvolleyball-Camp auf Gran Canaria"},"previousItem":{"@type":"ListItem","@id":"https:\/\/kontracamps.com\/de\/camps\/%category%\/#listItem","name":"Camps"}},{"@type":"ListItem","@id":"https:\/\/kontracamps.com\/de\/camps\/beachvolleyball\/beachvolleyball-camp-auf-gran-canaria\/#listItem","position":4,"name":"Beachvolleyball-Camp auf Gran Canaria","previousItem":{"@type":"ListItem","@id":"https:\/\/kontracamps.com\/de\/category\/beachvolleyball\/#listItem","name":"Beachvolleyball"}}]},{"@type":"Organization","@id":"https:\/\/kontracamps.com\/de\/#organization","name":"Kontra Camps","description":"Kontra Camps organizes beach volleyball and padel camps in unique locations across Europe and beyond. We offer professional-level training led by experienced coaches, combined with a great atmosphere and an international community of motivated athletes from different countries.","url":"https:\/\/kontracamps.com\/de\/","logo":{"@type":"ImageObject","url":"https:\/\/kontracamps.com\/wp-content\/uploads\/2025\/01\/logo-website-2-1.png","@id":"https:\/\/kontracamps.com\/de\/camps\/beachvolleyball\/beachvolleyball-camp-auf-gran-canaria\/#organizationLogo","width":500,"height":140},"image":{"@id":"https:\/\/kontracamps.com\/de\/camps\/beachvolleyball\/beachvolleyball-camp-auf-gran-canaria\/#organizationLogo"}},{"@type":"WebPage","@id":"https:\/\/kontracamps.com\/de\/camps\/beachvolleyball\/beachvolleyball-camp-auf-gran-canaria\/#webpage","url":"https:\/\/kontracamps.com\/de\/camps\/beachvolleyball\/beachvolleyball-camp-auf-gran-canaria\/","name":"Beachvolleyball-Camp auf Gran Canaria \u00bb Kontra Camps","description":"Der Ort Las Palmas de Gran Canaria, im Norden der Insel gelegen, ist die Hauptstadt und gr\u00f6\u00dfte Stadt von Gran Canaria. Mit ihren Atlantikstr\u00e4nden, dem ganzj\u00e4hrig milden Klima und einer lebhaften Stadtatmosph\u00e4re ist sie ein idealer Ort, um Beachvolleyball mit allem zu verbinden, was die Kanarischen Inseln zu bieten haben. Das Camp findet an der","inLanguage":"de-DE","isPartOf":{"@id":"https:\/\/kontracamps.com\/de\/#website"},"breadcrumb":{"@id":"https:\/\/kontracamps.com\/de\/camps\/beachvolleyball\/beachvolleyball-camp-auf-gran-canaria\/#breadcrumblist"},"image":{"@type":"ImageObject","url":"https:\/\/kontracamps.com\/wp-content\/uploads\/2026\/09\/Image-Blend-Blur-Transition.png","@id":"https:\/\/kontracamps.com\/de\/camps\/beachvolleyball\/beachvolleyball-camp-auf-gran-canaria\/#mainImage","width":851,"height":315},"primaryImageOfPage":{"@id":"https:\/\/kontracamps.com\/de\/camps\/beachvolleyball\/beachvolleyball-camp-auf-gran-canaria\/#mainImage"},"datePublished":"2026-09-03T14:20:19+02:00","dateModified":"2026-09-03T14:24:29+02:00"},{"@type":"WebSite","@id":"https:\/\/kontracamps.com\/de\/#website","url":"https:\/\/kontracamps.com\/de\/","name":"Kontra Camps","alternateName":"Kontra Camps","description":"Sport Camps","inLanguage":"de-DE","publisher":{"@id":"https:\/\/kontracamps.com\/de\/#organization"}}]},"og:locale":"de_DE","og:site_name":"Kontra Camps","og:type":"article","og:title":"Beachvolleyball-Camp auf Gran Canaria \u00bb Kontra Camps","og:description":"Der Ort Las Palmas de Gran Canaria, im Norden der Insel gelegen, ist die Hauptstadt und gr\u00f6\u00dfte Stadt von Gran Canaria. Mit ihren Atlantikstr\u00e4nden, dem ganzj\u00e4hrig milden Klima und einer lebhaften Stadtatmosph\u00e4re ist sie ein idealer Ort, um Beachvolleyball mit allem zu verbinden, was die Kanarischen Inseln zu bieten haben. Das Camp findet an der","og:url":"https:\/\/kontracamps.com\/de\/camps\/beachvolleyball\/beachvolleyball-camp-auf-gran-canaria\/","og:image":"https:\/\/kontracamps.com\/wp-content\/uploads\/2024\/06\/beach-volleyball-camps-small-for-mobile.jpg","og:image:secure_url":"https:\/\/kontracamps.com\/wp-content\/uploads\/2024\/06\/beach-volleyball-camps-small-for-mobile.jpg","og:image:width":1000,"og:image:height":668,"article:published_time":"2026-09-03T12:20:19+00:00","article:modified_time":"2026-09-03T12:24:29+00:00","twitter:card":"summary_large_image","twitter:title":"Beachvolleyball-Camp auf Gran Canaria \u00bb Kontra Camps","twitter:description":"Der Ort Las Palmas de Gran Canaria, im Norden der Insel gelegen, ist die Hauptstadt und gr\u00f6\u00dfte Stadt von Gran Canaria. Mit ihren Atlantikstr\u00e4nden, dem ganzj\u00e4hrig milden Klima und einer lebhaften Stadtatmosph\u00e4re ist sie ein idealer Ort, um Beachvolleyball mit allem zu verbinden, was die Kanarischen Inseln zu bieten haben. Das Camp findet an der","twitter:image":"https:\/\/kontracamps.com\/wp-content\/uploads\/2024\/06\/beach-volleyball-camps-small-for-mobile.jpg","twitter:label1":"Gesch\u00e4tzte Lesedauer","twitter:data1":"6 Minuten"},"aioseo_meta_data":{"post_id":"16587","title":null,"description":null,"keywords":null,"keyphrases":{"focus":{"keyphrase":"","score":0,"analysis":{"keyphraseInTitle":{"score":0,"maxScore":9,"error":1}}},"additional":[]},"primary_term":null,"canonical_url":null,"og_title":null,"og_description":null,"og_object_type":"default","og_image_type":"default","og_image_url":null,"og_image_width":null,"og_image_height":null,"og_image_custom_url":null,"og_image_custom_fields":null,"og_video":"","og_custom_url":null,"og_article_section":null,"og_article_tags":null,"twitter_use_og":false,"twitter_card":"default","twitter_image_type":"default","twitter_image_url":null,"twitter_image_custom_url":null,"twitter_image_custom_fields":null,"twitter_title":null,"twitter_description":null,"schema":{"blockGraphs":[],"customGraphs":[],"default":{"data":{"Article":[],"Course":[],"Dataset":[],"FAQPage":[],"Movie":[],"Person":[],"Product":[],"ProductReview":[],"Car":[],"Recipe":[],"Service":[],"SoftwareApplication":[],"WebPage":[]},"graphName":"WebPage","isEnabled":true},"graphs":[]},"schema_type":"default","schema_type_options":null,"pillar_content":false,"robots_default":true,"robots_noindex":false,"robots_noarchive":false,"robots_nosnippet":false,"robots_nofollow":false,"robots_noimageindex":false,"robots_noodp":false,"robots_notranslate":false,"robots_max_snippet":"-1","robots_max_videopreview":"-1","robots_max_imagepreview":"large","priority":null,"frequency":"default","local_seo":null,"breadcrumb_settings":null,"limit_modified_date":false,"ai":{"faqs":[],"keyPoints":[],"schemas":[],"titles":[],"descriptions":[],"socialPosts":{"email":{"subject":"","preview":"","content":""},"linkedin":[],"twitter":[],"facebook":[],"instagram":[]}},"created":"2026-09-03 12:24:29","updated":"2026-09-03 13:04:41","focus_keyword":null,"additional_keywords":null,"truseo_locale":null,"seo_analyzer_scan_date":null},"aioseo_breadcrumb":"<div class=\"aioseo-breadcrumbs\"><span class=\"aioseo-breadcrumb\">\n\t\t\t<a href=\"https:\/\/kontracamps.com\/de\/\" title=\"Home\">Home<\/a>\n\t\t<\/span><span class=\"aioseo-breadcrumb-separator\">&raquo;<\/span><span class=\"aioseo-breadcrumb\">\n\t\t\t<a href=\"https:\/\/kontracamps.com\/de\/camps\/%category%\/\" title=\"Camps\">Camps<\/a>\n\t\t<\/span><span class=\"aioseo-breadcrumb-separator\">&raquo;<\/span><span class=\"aioseo-breadcrumb\">\n\t\t\t<a href=\"https:\/\/kontracamps.com\/de\/category\/beachvolleyball\/\" title=\"Beachvolleyball\">Beachvolleyball<\/a>\n\t\t<\/span><span class=\"aioseo-breadcrumb-separator\">&raquo;<\/span><span class=\"aioseo-breadcrumb\">\n\t\t\tBeachvolleyball-Camp auf Gran Canaria\n\t\t<\/span><\/div>","aioseo_breadcrumb_json":[{"label":"Home","link":"https:\/\/kontracamps.com\/de\/"},{"label":"Camps","link":"https:\/\/kontracamps.com\/de\/camps\/%category%\/"},{"label":"Beachvolleyball","link":"https:\/\/kontracamps.com\/de\/category\/beachvolleyball\/"},{"label":"Beachvolleyball-Camp auf Gran Canaria","link":"https:\/\/kontracamps.com\/de\/camps\/beachvolleyball\/beachvolleyball-camp-auf-gran-canaria\/"}],"_links":{"self":[{"href":"https:\/\/kontracamps.com\/de\/wp-json\/wp\/v2\/camp\/16587","targetHints":{"allow":["GET"]}}],"collection":[{"href":"https:\/\/kontracamps.com\/de\/wp-json\/wp\/v2\/camp"}],"about":[{"href":"https:\/\/kontracamps.com\/de\/wp-json\/wp\/v2\/types\/camp"}],"version-history":[{"count":1,"href":"https:\/\/kontracamps.com\/de\/wp-json\/wp\/v2\/camp\/16587\/revisions"}],"predecessor-version":[{"id":16589,"href":"https:\/\/kontracamps.com\/de\/wp-json\/wp\/v2\/camp\/16587\/revisions\/16589"}],"wp:featuredmedia":[{"embeddable":true,"href":"https:\/\/kontracamps.com\/de\/wp-json\/wp\/v2\/media\/16570"}],"wp:attachment":[{"href":"https:\/\/kontracamps.com\/de\/wp-json\/wp\/v2\/media?parent=16587"}],"wp:term":[{"taxonomy":"category","embeddable":true,"href":"https:\/\/kontracamps.com\/de\/wp-json\/wp\/v2\/categories?post=16587"},{"taxonomy":"location","embeddable":true,"href":"https:\/\/kontracamps.com\/de\/wp-json\/wp\/v2\/location?post=16587"}],"curies":[{"name":"wp","href":"https:\/\/api.w.org\/{rel}","templated":true}]}}