{"id":16583,"date":"2026-09-03T14:20:19","date_gmt":"2026-09-03T12:20:19","guid":{"rendered":"https:\/\/kontracamps.com\/camps\/beach-volleyball-camp-a-grande-canarie\/"},"modified":"2026-09-03T14:21:48","modified_gmt":"2026-09-03T12:21:48","slug":"beach-volleyball-camp-a-grande-canarie","status":"publish","type":"camp","link":"https:\/\/kontracamps.com\/fr\/camps\/volley-ball-de-plage\/beach-volleyball-camp-a-grande-canarie\/","title":{"rendered":"Beach volleyball camp \u00e0 Grande Canarie"},"content":{"rendered":"\n<hr class=\"wp-block-separator has-alpha-channel-opacity\" style=\"margin-top:2rem;margin-bottom:2rem\"\/>\n\n<h2 class=\"wp-block-heading has-text-align-center\" style=\"margin-bottom:1.5rem;font-style:normal;font-weight:600\">Le lieu<\/h2>\n\n<div class=\"wp-block-columns are-vertically-aligned-top is-layout-flex wp-container-core-columns-is-layout-cfc4b5c0 wp-block-columns-is-layout-flex\">\n<div class=\"wp-block-column is-vertically-aligned-top is-layout-flow wp-block-column-is-layout-flow\" style=\"flex-basis:50%\">\n<figure class=\"wp-block-image size-full has-custom-border\"><img loading=\"lazy\" decoding=\"async\" width=\"1600\" height=\"1045\" src=\"https:\/\/kontracamps.com\/wp-content\/uploads\/2026\/08\/WhatsApp-Image-2026-08-31-at-13.38.02vdfdf.jpeg\" alt=\"\" class=\"wp-image-16493\" style=\"border-radius:8px\" srcset=\"https:\/\/kontracamps.com\/wp-content\/uploads\/2026\/08\/WhatsApp-Image-2026-08-31-at-13.38.02vdfdf.jpeg 1600w, https:\/\/kontracamps.com\/wp-content\/uploads\/2026\/08\/WhatsApp-Image-2026-08-31-at-13.38.02vdfdf-640x418.jpeg 640w, https:\/\/kontracamps.com\/wp-content\/uploads\/2026\/08\/WhatsApp-Image-2026-08-31-at-13.38.02vdfdf-1280x836.jpeg 1280w, https:\/\/kontracamps.com\/wp-content\/uploads\/2026\/08\/WhatsApp-Image-2026-08-31-at-13.38.02vdfdf-768x502.jpeg 768w, https:\/\/kontracamps.com\/wp-content\/uploads\/2026\/08\/WhatsApp-Image-2026-08-31-at-13.38.02vdfdf-1536x1003.jpeg 1536w, https:\/\/kontracamps.com\/wp-content\/uploads\/2026\/08\/WhatsApp-Image-2026-08-31-at-13.38.02vdfdf-600x392.jpeg 600w\" sizes=\"auto, (max-width: 1600px) 100vw, 1600px\" \/><\/figure>\n<\/div>\n\n\n\n<div class=\"wp-block-column is-vertically-aligned-top is-layout-flow wp-block-column-is-layout-flow\" style=\"flex-basis:50%\">\n<p class=\"isSelectedEnd\" style=\"text-align: justify;\"><strong>Las Palmas de Gran Canaria<\/strong>, situ\u00e9e au <strong>nord de l&#8217;\u00eele<\/strong>, est la capitale et la plus grande ville de Grande Canarie. Avec ses plages atlantiques, son climat doux toute l&#8217;ann\u00e9e et son ambiance urbaine anim\u00e9e, c&#8217;est l&#8217;endroit id\u00e9al pour allier le beach-volley \u00e0 tout ce que les \u00eeles Canaries ont \u00e0 offrir. Le stage se d\u00e9roule \u00e0 <strong>Playa de Las Alcaravaneras<\/strong>, une plage situ\u00e9e au c\u0153ur de la ville, o\u00f9 r\u00e8gne une ambiance d\u00e9tendue et qui offre des conditions id\u00e9ales pour l\u2019entra\u00eenement au beach-volley.<\/p>\n<p style=\"text-align: justify;\">Le mois de f\u00e9vrier est \u00e9galement l&#8217;une des p\u00e9riodes les plus passionnantes pour visiter Las Palmas, gr\u00e2ce au c\u00e9l\u00e8bre <strong>carnaval de Las Palmas de. C&#8217;est <\/strong>une excellente occasion de profiter \u00e0 la fois <strong>du beach-volley, du soleil, de l&#8217;oc\u00e9an Atlantique et de l&#8217;un des \u00e9v\u00e9nements culturels les plus anim\u00e9s des \u00eeles Canaries<\/strong>.<\/p>\n<\/div>\n<\/div>\n\n<hr class=\"wp-block-separator has-alpha-channel-opacity\"\/>\n\n<h2 class=\"wp-block-heading has-text-align-center\"><strong>Le carnaval de Las Palmas<\/strong><\/h2>\n\n<div class=\"wp-block-columns is-layout-flex wp-container-core-columns-is-layout-8f761849 wp-block-columns-is-layout-flex\">\n<div class=\"wp-block-column is-layout-flow wp-block-column-is-layout-flow\">\n<p style=\"text-align: justify;\"><strong>Pr\u00e9parez-vous \u00e0 d\u00e9couvrir la magie du carnaval de Las Palmas !<\/strong> Depuis plus de 500 ans, la ville s&#8217;anime au rythme de la musique, des costumes color\u00e9s, des danses et des festivit\u00e9s qui remplissent les rues d&#8217;\u00e9nergie. L&#8217;un des moments forts de cet \u00e9v\u00e9nement est le c\u00e9l\u00e8bre <strong>gala des drag queens<\/strong>, r\u00e9put\u00e9 pour ses spectacles spectaculaires et ses costumes inoubliables.<\/p>\n<\/div>\n\n\n\n<div class=\"wp-block-column is-layout-flow wp-block-column-is-layout-flow\">\n<figure class=\"wp-block-image size-full has-custom-border\"><img loading=\"lazy\" decoding=\"async\" width=\"1200\" height=\"720\" src=\"https:\/\/kontracamps.com\/wp-content\/uploads\/2026\/09\/Cabalgata-del-Carnaval-en-Gran-Canaria.jpg\" alt=\"\" class=\"wp-image-16536\" style=\"border-radius:8px\" srcset=\"https:\/\/kontracamps.com\/wp-content\/uploads\/2026\/09\/Cabalgata-del-Carnaval-en-Gran-Canaria.jpg 1200w, https:\/\/kontracamps.com\/wp-content\/uploads\/2026\/09\/Cabalgata-del-Carnaval-en-Gran-Canaria-640x384.jpg 640w, https:\/\/kontracamps.com\/wp-content\/uploads\/2026\/09\/Cabalgata-del-Carnaval-en-Gran-Canaria-768x461.jpg 768w, https:\/\/kontracamps.com\/wp-content\/uploads\/2026\/09\/Cabalgata-del-Carnaval-en-Gran-Canaria-600x360.jpg 600w\" sizes=\"auto, (max-width: 1200px) 100vw, 1200px\" \/><\/figure>\n<\/div>\n<\/div>\n\n<div class=\"wp-block-columns is-layout-flex wp-container-core-columns-is-layout-8f761849 wp-block-columns-is-layout-flex\">\n<div class=\"wp-block-column is-layout-flow wp-block-column-is-layout-flow\">\n<figure class=\"wp-block-image size-full has-custom-border\"><img loading=\"lazy\" decoding=\"async\" width=\"1200\" height=\"720\" src=\"https:\/\/kontracamps.com\/wp-content\/uploads\/2026\/09\/Cabalgata-de-Carnaval-en-Santa-Cruz-de-Tenerife-1.jpg\" alt=\"\" class=\"wp-image-16558\" style=\"border-radius:8px\" srcset=\"https:\/\/kontracamps.com\/wp-content\/uploads\/2026\/09\/Cabalgata-de-Carnaval-en-Santa-Cruz-de-Tenerife-1.jpg 1200w, https:\/\/kontracamps.com\/wp-content\/uploads\/2026\/09\/Cabalgata-de-Carnaval-en-Santa-Cruz-de-Tenerife-1-640x384.jpg 640w, https:\/\/kontracamps.com\/wp-content\/uploads\/2026\/09\/Cabalgata-de-Carnaval-en-Santa-Cruz-de-Tenerife-1-767x460.jpg 767w, https:\/\/kontracamps.com\/wp-content\/uploads\/2026\/09\/Cabalgata-de-Carnaval-en-Santa-Cruz-de-Tenerife-1-600x360.jpg 600w\" sizes=\"auto, (max-width: 1200px) 100vw, 1200px\" \/><\/figure>\n<\/div>\n\n\n\n<div class=\"wp-block-column is-layout-flow wp-block-column-is-layout-flow\">\n<p style=\"text-align: justify;\">Et voici une <strong>anecdote amusante<\/strong>: lorsque le carnaval a \u00e9t\u00e9 interdit sous le r\u00e9gime de Franco, les habitants ont refus\u00e9 de laisser cette tradition dispara\u00eetre. Ils ont continu\u00e9 \u00e0 le c\u00e9l\u00e9brer en secret, allant m\u00eame jusqu\u2019\u00e0 cacher leurs costumes sous des draps pour se rendre aux festivit\u00e9s. Aujourd\u2019hui, cet esprit est toujours bien vivant, faisant du carnaval de Las Palmas une f\u00eate riche en histoire, en cr\u00e9ativit\u00e9 et en joie.<\/p>\n<\/div>\n<\/div>\n\n<hr class=\"wp-block-separator has-alpha-channel-opacity\" style=\"margin-top:2rem;margin-bottom:2rem\"\/>\n\n<div class=\"wp-block-group is-layout-flow wp-block-group-is-layout-flow\">\n<h2 class=\"wp-block-heading has-text-align-center\" style=\"margin-bottom:1.5rem;font-style:normal;font-weight:600\">H\u00e9bergement et repas<\/h2>\n\n\n\n<div class=\"wp-block-columns are-vertically-aligned-top is-layout-flex wp-container-core-columns-is-layout-cfc4b5c0 wp-block-columns-is-layout-flex\">\n<div class=\"wp-block-column is-vertically-aligned-top is-layout-flow wp-block-column-is-layout-flow\" style=\"flex-basis:50%\">\n<p style=\"text-align: justify;\">Pendant le stage, les participants s\u00e9journeront \u00e0 <strong>l&#8217;h\u00f4tel<\/strong> <strong>4 \u00e9toiles<\/strong> <strong>Silken Saaj Las Palmas.<\/strong> Id\u00e9alement situ\u00e9 au c\u0153ur de Las Palmas de Gran Canaria. <strong>La Playa de Las Alcaravaneras se trouve \u00e0 seulement 2 \u00e0 3 minutes \u00e0 pied (environ 200 m\u00e8tres) de l&#8217;h\u00f4tel<\/strong>, ce qui facilite l&#8217;acc\u00e8s \u00e0 nos s\u00e9ances quotidiennes de beach-volley.<strong> En 8 \u00e0 10 minutes \u00e0 pied<\/strong>, vous rejoindrez \u00e9galement la <strong>Plaza de Espa\u00f1a, le centre-ville<\/strong> o\u00f9 vous trouverez des restaurants, des caf\u00e9s, des attractions et <strong>l&#8217;ambiance<\/strong> anim\u00e9e <strong>du carnaval !<\/strong><\/p>\n<p style=\"text-align: justify;\">Votre s\u00e9jour comprend <strong>un petit-d\u00e9jeuner buffet quotidien<\/strong>, id\u00e9al pour bien commencer une journ\u00e9e d&#8217;entra\u00eenement de beach-volley et d&#8217;activit\u00e9s. Les chambres, \u00e0 la fois confortables et spacieuses, sont \u00e9quip\u00e9es d&#8217;un lit double ou de deux lits simples, ainsi que de la climatisation, d&#8217;une Smart TV, d&#8217;un bureau, d&#8217;un fer \u00e0 repasser et d&#8217;un s\u00e8che-cheveux.  <\/p>\n<p style=\"text-align: justify;\">Si vous souhaitez <strong>prolonger votre s\u00e9jour<\/strong> avant ou apr\u00e8s le stage, des nuits suppl\u00e9mentaires peuvent \u00eatre disponibles sur demande. Vous pouvez \u00e9galement opter pour une chambre <strong>avec vue sur la mer<\/strong> ou une chambre <strong>Premium avec vue sur la mer<\/strong>, moyennant un suppl\u00e9ment. <strong>Consultez les tarifs.<\/strong><\/p>\n<\/div>\n\n\n\n<div class=\"wp-block-column is-vertically-aligned-top is-layout-flow wp-block-column-is-layout-flow\" style=\"flex-basis:50%\">\n<figure class=\"wp-block-image size-full has-custom-border\"><img loading=\"lazy\" decoding=\"async\" width=\"2048\" height=\"1365\" src=\"https:\/\/kontracamps.com\/wp-content\/uploads\/2026\/08\/big-copia-de-habitacin-estndar-2-hotel-silken-saaj-5f15ccc829785cbfdb65d2d9ed28cc13-44aee3ad7bbf15a1b4abad5baa182ed5.webp\" alt=\"\" class=\"wp-image-16245\" style=\"border-radius:8px\" srcset=\"https:\/\/kontracamps.com\/wp-content\/uploads\/2026\/08\/big-copia-de-habitacin-estndar-2-hotel-silken-saaj-5f15ccc829785cbfdb65d2d9ed28cc13-44aee3ad7bbf15a1b4abad5baa182ed5.webp 2048w, https:\/\/kontracamps.com\/wp-content\/uploads\/2026\/08\/big-copia-de-habitacin-estndar-2-hotel-silken-saaj-5f15ccc829785cbfdb65d2d9ed28cc13-44aee3ad7bbf15a1b4abad5baa182ed5-640x427.webp 640w, https:\/\/kontracamps.com\/wp-content\/uploads\/2026\/08\/big-copia-de-habitacin-estndar-2-hotel-silken-saaj-5f15ccc829785cbfdb65d2d9ed28cc13-44aee3ad7bbf15a1b4abad5baa182ed5-1280x853.webp 1280w, https:\/\/kontracamps.com\/wp-content\/uploads\/2026\/08\/big-copia-de-habitacin-estndar-2-hotel-silken-saaj-5f15ccc829785cbfdb65d2d9ed28cc13-44aee3ad7bbf15a1b4abad5baa182ed5-768x512.webp 768w, https:\/\/kontracamps.com\/wp-content\/uploads\/2026\/08\/big-copia-de-habitacin-estndar-2-hotel-silken-saaj-5f15ccc829785cbfdb65d2d9ed28cc13-44aee3ad7bbf15a1b4abad5baa182ed5-1536x1024.webp 1536w, https:\/\/kontracamps.com\/wp-content\/uploads\/2026\/08\/big-copia-de-habitacin-estndar-2-hotel-silken-saaj-5f15ccc829785cbfdb65d2d9ed28cc13-44aee3ad7bbf15a1b4abad5baa182ed5-600x400.webp 600w\" sizes=\"auto, (max-width: 2048px) 100vw, 2048px\" \/><\/figure>\n<\/div>\n<\/div>\n<\/div>\n\n<hr class=\"wp-block-separator has-alpha-channel-opacity\" style=\"margin-top:2rem;margin-bottom:2rem\"\/>\n\n<div class=\"wp-block-group is-layout-flow wp-block-group-is-layout-flow\">\n<h2 class=\"wp-block-heading has-text-align-center\" style=\"margin-bottom:1.5rem;font-style:normal;font-weight:600\">Sur le court<\/h2>\n\n\n\n<div class=\"wp-block-columns are-vertically-aligned-top is-layout-flex wp-container-core-columns-is-layout-cfc4b5c0 wp-block-columns-is-layout-flex\">\n<div class=\"wp-block-column is-vertically-aligned-top is-layout-flow wp-block-column-is-layout-flow\" style=\"flex-basis:50%\">\n<figure class=\"wp-block-image size-full has-custom-border\"><img loading=\"lazy\" decoding=\"async\" width=\"2000\" height=\"1336\" src=\"https:\/\/kontracamps.com\/wp-content\/uploads\/2026\/05\/DSC00090-10.jpg\" alt=\"\" class=\"wp-image-14797\" style=\"border-radius:8px\" srcset=\"https:\/\/kontracamps.com\/wp-content\/uploads\/2026\/05\/DSC00090-10.jpg 2000w, https:\/\/kontracamps.com\/wp-content\/uploads\/2026\/05\/DSC00090-10-640x428.jpg 640w, https:\/\/kontracamps.com\/wp-content\/uploads\/2026\/05\/DSC00090-10-1280x855.jpg 1280w, https:\/\/kontracamps.com\/wp-content\/uploads\/2026\/05\/DSC00090-10-768x513.jpg 768w, https:\/\/kontracamps.com\/wp-content\/uploads\/2026\/05\/DSC00090-10-1536x1026.jpg 1536w, https:\/\/kontracamps.com\/wp-content\/uploads\/2026\/05\/DSC00090-10-600x401.jpg 600w\" sizes=\"auto, (max-width: 2000px) 100vw, 2000px\" \/><\/figure>\n<\/div>\n\n\n\n<div class=\"wp-block-column is-vertically-aligned-top is-layout-flow wp-block-column-is-layout-flow\" style=\"flex-basis:50%\">\n<p class=\"isSelectedEnd\" style=\"text-align: justify;\"><strong>La qualit\u00e9 de l&#8217;entra\u00eenement est notre priorit\u00e9.<\/strong> Nos stages s&#8217;adressent \u00e0 tous les niveaux et se d\u00e9roulent en petits groupes de <strong>6 joueurs (jusqu&#8217;\u00e0 8 pour les d\u00e9butants)<\/strong>, avec un court r\u00e9serv\u00e9 \u00e0 votre groupe et un entra\u00eeneur d\u00e9di\u00e9. Chaque s\u00e9ance dure <strong>90 minutes et se d\u00e9roule en anglais.<\/strong><\/p>\n<p class=\"isSelectedEnd\" style=\"text-align: justify;\">Le stage comprend <strong>8 training sessions et 3 tournois : un tournoi convivial pour faire connaissance, suivi de deux tournois de comp\u00e9tition. Vous disposerez \u00e9galement de <\/strong>beaucoup de temps pour vous amuser ensemble, avec notamment une <strong>conf\u00e9rence, un quiz, une excursion et bien d&#8217;autres activit\u00e9s<\/strong>. Consultez le calendrier ci-dessous pour d\u00e9couvrir le programme complet !<\/p>\n<p style=\"text-align: justify;\" data-start=\"627\" data-end=\"718\">Vous aurez \u00e9galement acc\u00e8s gratuitement aux courts, ce qui vous permettra de jouer encore plus si vous le souhaitez.<\/p>\n<p style=\"text-align: justify;\" data-start=\"720\" data-end=\"886\">Si vous avez votre propre groupe d&#8217;entra\u00eenement, nous vous encourageons \u00e0 vous inscrire en tant que groupe ou paire. Si vous vous inscrivez seul, nous vous mettrons en contact avec un groupe d&#8217;entra\u00eenement appropri\u00e9.<\/p>\n<\/div>\n<\/div>\n<\/div>\n\n<hr class=\"wp-block-separator has-alpha-channel-opacity\" style=\"margin-top:2rem;margin-bottom:2rem\"\/>\n\n<div class=\"wp-block-group is-layout-flow wp-block-group-is-layout-flow\">\n<h2 class=\"wp-block-heading has-text-align-center\" style=\"margin-bottom:1.5rem;font-style:normal;font-weight:600\">Calendrier<\/h2>\n\n\n\n<div class=\"wp-block-columns is-layout-flex wp-container-core-columns-is-layout-5f2d26f3 wp-block-columns-is-layout-flex\" style=\"margin-bottom:1.5rem\">\n<div class=\"wp-block-column is-layout-flow wp-block-column-is-layout-flow\">\n<p style=\"text-align: justify;\">Voici le programme provisoire du stage. La version d\u00e9finitive pourra diff\u00e9rer de celle pr\u00e9sent\u00e9e ici en fonction du nombre de participants et des conditions m\u00e9t\u00e9orologiques.<\/p>\n<p style=\"text-align: justify;\"><strong>6 f\u00e9vrier \u2013 jour d&#8217;arriv\u00e9e :<\/strong><\/p>\n<ul>\n<li style=\"text-align: justify;\">acc\u00e8s aux courts d\u00e8s le matin<\/li>\n<li style=\"text-align: justify;\">enregistrement \u00e0 l\u2019h\u00f4tel possible \u00e0 partir de 14 h<\/li>\n<li style=\"text-align: justify;\">17 h 00 \u2013 19 h 00 \u2013 jeux pour faire connaissance (tournoi convivial) \u2013 participez si vous le pouvez<\/li>\n<li style=\"text-align: justify;\">21 h 30 \u2013 C\u00e9r\u00e9monie d\u2019ouverture du stage et soir\u00e9e de bienvenue<\/li>\n<\/ul>\n<\/div>\n\n\n\n<div class=\"wp-block-column is-layout-flow wp-block-column-is-layout-flow\">\n<p style=\"text-align: justify;\"><strong>13 f\u00e9vrier \u2013 jour du d\u00e9part :<\/strong><\/p>\n<ul>\n<li>toute la journ\u00e9e \u2013 acc\u00e8s libre aux courts<\/li>\n<li>avant midi \u2013 d\u00e9part de l\u2019h\u00f4tel<\/li>\n<li>fin du stage\u2026<\/li>\n<\/ul>\n<p>Il est possible de b\u00e9n\u00e9ficier d\u2019un d\u00e9part tardif ; pour plus d\u2019informations et conna\u00eetre les tarifs, veuillez vous adresser directement \u00e0 la r\u00e9ception. <\/p> \n<p style=\"text-align: justify;\">\n<\/div>\n<\/div>\n\n\n\n<figure class=\"wp-block-image aligncenter size-full has-custom-border\"><a href=\"https:\/\/kontracamps.com\/wp-content\/uploads\/2026\/08\/Domina-BV-2.png\"><img loading=\"lazy\" decoding=\"async\" width=\"2100\" height=\"1200\" src=\"https:\/\/kontracamps.com\/wp-content\/uploads\/2026\/08\/Domina-BV-2.png\" alt=\"\" class=\"wp-image-16515\" style=\"border-radius:8px\" srcset=\"https:\/\/kontracamps.com\/wp-content\/uploads\/2026\/08\/Domina-BV-2.png 2100w, https:\/\/kontracamps.com\/wp-content\/uploads\/2026\/08\/Domina-BV-2-640x366.png 640w, https:\/\/kontracamps.com\/wp-content\/uploads\/2026\/08\/Domina-BV-2-1280x731.png 1280w, https:\/\/kontracamps.com\/wp-content\/uploads\/2026\/08\/Domina-BV-2-768x439.png 768w, https:\/\/kontracamps.com\/wp-content\/uploads\/2026\/08\/Domina-BV-2-1536x878.png 1536w, https:\/\/kontracamps.com\/wp-content\/uploads\/2026\/08\/Domina-BV-2-2048x1170.png 2048w, https:\/\/kontracamps.com\/wp-content\/uploads\/2026\/08\/Domina-BV-2-600x343.png 600w\" sizes=\"auto, (max-width: 2100px) 100vw, 2100px\" \/><\/a><\/figure>\n<\/div>\n\n<hr class=\"wp-block-separator has-alpha-channel-opacity\" style=\"margin-top:2rem;margin-bottom:2rem\"\/>\n\n<div class=\"wp-block-group is-layout-flow wp-block-group-is-layout-flow\">\n<h2 class=\"wp-block-heading has-text-align-center\" style=\"margin-bottom:1.5rem;font-style:normal;font-weight:600\">\u00c0 qui s&#8217;adresse-t-il ?<\/h2>\n\n\n\n<div class=\"wp-block-columns are-vertically-aligned-top is-layout-flex wp-container-core-columns-is-layout-cfc4b5c0 wp-block-columns-is-layout-flex\">\n<div class=\"wp-block-column is-vertically-aligned-top is-layout-flow wp-block-column-is-layout-flow\" style=\"flex-basis:50%\"><\/div>\n<\/div>\n<\/div>\n\n<div class=\"wp-block-columns is-layout-flex wp-container-core-columns-is-layout-8f761849 wp-block-columns-is-layout-flex\">\n<div class=\"wp-block-column is-layout-flow wp-block-column-is-layout-flow\">\n<figure class=\"wp-block-image size-large has-custom-border\"><img loading=\"lazy\" decoding=\"async\" width=\"1280\" height=\"855\" src=\"https:\/\/kontracamps.com\/wp-content\/uploads\/2026\/08\/DSC01980-225-1280x855.jpg\" alt=\"\" class=\"wp-image-16250\" style=\"border-radius:8px\" srcset=\"https:\/\/kontracamps.com\/wp-content\/uploads\/2026\/08\/DSC01980-225-1280x855.jpg 1280w, https:\/\/kontracamps.com\/wp-content\/uploads\/2026\/08\/DSC01980-225-640x428.jpg 640w, https:\/\/kontracamps.com\/wp-content\/uploads\/2026\/08\/DSC01980-225-768x513.jpg 768w, https:\/\/kontracamps.com\/wp-content\/uploads\/2026\/08\/DSC01980-225-1536x1026.jpg 1536w, https:\/\/kontracamps.com\/wp-content\/uploads\/2026\/08\/DSC01980-225-600x401.jpg 600w, https:\/\/kontracamps.com\/wp-content\/uploads\/2026\/08\/DSC01980-225.jpg 2000w\" sizes=\"auto, (max-width: 1280px) 100vw, 1280px\" \/><\/figure>\n<\/div>\n\n\n\n<div class=\"wp-block-column is-layout-flow wp-block-column-is-layout-flow\">\n<p style=\"text-align: justify;\">Nos stages accueillent <strong>les voyageurs en solo, les couples et les groupes<\/strong> \u2014 que vous veniez avec toute une \u00e9quipe ou tout seul. Vous venez seul ? Nous vous aiderons \u00e0 trouver un <strong>colocataire et un groupe d&#8217;entra\u00eenement adapt\u00e9 \u00e0 votre niveau<\/strong>, afin que vous puissiez vous concentrer sur le jeu, faire des rencontres et vous amuser. De nombreux participants viennent seuls et repartent avec <strong>de nouveaux amis et une \u00e9quipe pour leur prochain stage !<\/strong><\/p>\n<p style=\"text-align: justify;\">Nos beach volleyball camps sont ouverts aux <strong>adultes et aux jeunes joueurs sous la surveillance de leurs parents<\/strong>. Nous avons d\u00e9j\u00e0 accueilli des joueurs <strong>\u00e2g\u00e9s<\/strong> de <strong>13 \u00e0 67 ans<\/strong>: il n\u2019y a donc pas d\u2019\u00e2ge \u00ab id\u00e9al \u00bb pour participer. Il suffit d\u2019apporter votre passion pour le beach-volley !<\/p>\n<\/div>\n<\/div>\n\n<hr class=\"wp-block-separator has-alpha-channel-opacity\" style=\"margin-top:2rem;margin-bottom:2rem\"\/>\n\n<div class=\"wp-block-group is-layout-flow wp-block-group-is-layout-flow\">\n<h2 class=\"wp-block-heading has-text-align-center\" style=\"margin-bottom:1.5rem;font-style:normal;font-weight:600\">Groupe Sport  <\/h2>\n\n\n\n<div class=\"wp-block-columns is-layout-flex wp-container-core-columns-is-layout-cfc4b5c0 wp-block-columns-is-layout-flex\">\n<div class=\"wp-block-column is-vertically-aligned-center is-layout-flow wp-block-column-is-layout-flow\" style=\"flex-basis:50%\">\n<p style=\"text-align: justify;\">Vous souhaitez participer aux activit\u00e9s sportives mais organiser vous-m\u00eame votre h\u00e9bergement et vos repas ?  <\/p>\n<p>Voici l&#8217;adresse du tribunal : <a href=\"https:\/\/maps.app.goo.gl\/UTWxHMep6B6noPUA7\">https:\/\/maps.app.goo.gl\/ejdjBqzQ9MLEAvST6 <\/a> <\/p>\n<p>L&#8217;ensemble Sport comprend<\/p>\n<p>\u2705 tous les entra\u00eenements<br\/>\u2705 tous les tournois<br\/>\u2705 utilisation gratuite des courts<br\/>\u2705 conf\u00e9rence<br\/>\u2705 sessions de conditionnement<br\/>\u2705 pack de bienvenue<br\/>\u2705 sessions de r\u00e9cup\u00e9ration active et de mobilit\u00e9<br\/>\u2705 entr\u00e9e \u00e0 tous les \u00e9v\u00e9nements sociaux<\/p>\n<p>Consultez la liste des prix pour conna\u00eetre le prix du Pack Sport.<\/p>\n<\/div>\n\n\n\n<div class=\"wp-block-column is-vertically-aligned-top is-layout-flow wp-block-column-is-layout-flow\" style=\"flex-basis:50%\">\n<figure class=\"wp-block-image size-full has-custom-border\"><img loading=\"lazy\" decoding=\"async\" width=\"2000\" height=\"1336\" src=\"https:\/\/kontracamps.com\/wp-content\/uploads\/2026\/08\/DSC06945-38.jpg\" alt=\"\" class=\"wp-image-16255\" style=\"border-radius:8px\" srcset=\"https:\/\/kontracamps.com\/wp-content\/uploads\/2026\/08\/DSC06945-38.jpg 2000w, https:\/\/kontracamps.com\/wp-content\/uploads\/2026\/08\/DSC06945-38-640x428.jpg 640w, https:\/\/kontracamps.com\/wp-content\/uploads\/2026\/08\/DSC06945-38-1280x855.jpg 1280w, https:\/\/kontracamps.com\/wp-content\/uploads\/2026\/08\/DSC06945-38-768x513.jpg 768w, https:\/\/kontracamps.com\/wp-content\/uploads\/2026\/08\/DSC06945-38-1536x1026.jpg 1536w, https:\/\/kontracamps.com\/wp-content\/uploads\/2026\/08\/DSC06945-38-600x401.jpg 600w\" sizes=\"auto, (max-width: 2000px) 100vw, 2000px\" \/><\/figure>\n<\/div>\n<\/div>\n<\/div>\n\n<hr class=\"wp-block-separator has-alpha-channel-opacity\" style=\"margin-top:2rem;margin-bottom:2rem\"\/>\n\n<h2 class=\"wp-block-heading has-text-align-center\" style=\"margin-bottom:1.5rem;font-style:normal;font-weight:600\"><strong>Famille et amis<\/strong><\/h2>\n\n<div class=\"wp-block-columns are-vertically-aligned-top is-layout-flex wp-container-core-columns-is-layout-cfc4b5c0 wp-block-columns-is-layout-flex\">\n<div class=\"wp-block-column is-vertically-aligned-top is-layout-flow wp-block-column-is-layout-flow\" style=\"flex-basis:50%\">\n<figure class=\"wp-block-image size-full has-custom-border\"><img loading=\"lazy\" decoding=\"async\" width=\"2000\" height=\"1336\" src=\"https:\/\/kontracamps.com\/wp-content\/uploads\/2026\/08\/DSC08862-10-1.jpg\" alt=\"\" class=\"wp-image-16260\" style=\"border-radius:8px\" srcset=\"https:\/\/kontracamps.com\/wp-content\/uploads\/2026\/08\/DSC08862-10-1.jpg 2000w, https:\/\/kontracamps.com\/wp-content\/uploads\/2026\/08\/DSC08862-10-1-640x428.jpg 640w, https:\/\/kontracamps.com\/wp-content\/uploads\/2026\/08\/DSC08862-10-1-1280x855.jpg 1280w, https:\/\/kontracamps.com\/wp-content\/uploads\/2026\/08\/DSC08862-10-1-768x513.jpg 768w, https:\/\/kontracamps.com\/wp-content\/uploads\/2026\/08\/DSC08862-10-1-1536x1026.jpg 1536w, https:\/\/kontracamps.com\/wp-content\/uploads\/2026\/08\/DSC08862-10-1-600x401.jpg 600w\" sizes=\"auto, (max-width: 2000px) 100vw, 2000px\" \/><\/figure>\n<\/div>\n\n\n\n<div class=\"wp-block-column is-vertically-aligned-top is-layout-flow wp-block-column-is-layout-flow\" style=\"flex-basis:50%\">\n<div class=\"wp-block-columns is-layout-flex wp-container-core-columns-is-layout-8f761849 wp-block-columns-is-layout-flex\">\n<div class=\"wp-block-column is-layout-flow wp-block-column-is-layout-flow\">\n<p style=\"text-align: justify;\">Votre partenaire, un ami ou un membre de votre famille est le bienvenu ! Ajoutez un <strong>travel companion<\/strong> lors de la r\u00e9servation et profitez ensemble du s\u00e9jour en camp.  <\/p>\n<p style=\"text-align: justify;\">\n\n\n\n\n<p class=\"wp-block-paragraph\" style=\"text-align: justify;\">Les accompagnateurs peuvent participer \u00e0 nos <strong>activit\u00e9s sociales,<\/strong> \u00e0 <strong>nos conf\u00e9rences, \u00e0 nos s\u00e9ances de pr\u00e9paration physique et d\u2019\u00e9tirements<\/strong>, et m\u00eame utiliser les courts en dehors des heures d\u2019entra\u00eenement. Ils ne prendront tout simplement pas part aux <strong>training sessions ni aux tournois<\/strong> \u2014 vous aurez donc tout le temps de profiter du stage \u00e0 votre guise !<\/p>\n<p style=\"text-align: justify;\"><strong>Vous voyagez avec des enfants ?<\/strong> Veuillez noter que les enfants sont factur\u00e9s au <strong>tarif normal<\/strong> dans cet h\u00f4tel. Si vous voyagez avec un enfant, il peut s&#8217;av\u00e9rer plus avantageux de r\u00e9server <strong>un h\u00e9bergement et un forfait sportif s\u00e9par\u00e9s<\/strong>.<\/p>\n<p>\n<\/p>\n\n\n\n<p class=\"wp-block-paragraph\"> <\/p>\n<\/div>\n<\/div>\n<\/div>\n<\/div>\n\n<hr class=\"wp-block-separator has-alpha-channel-opacity\" style=\"margin-top:2rem;margin-bottom:2rem\"\/>\n\n<div class=\"wp-block-group is-layout-flow wp-block-group-is-layout-flow\">\n<h2 class=\"wp-block-heading has-text-align-center\" style=\"margin-bottom:1.5rem;font-style:normal;font-weight:600\">Informations sur le voyage<\/h2>\n\n\n\n<div class=\"wp-block-columns is-layout-flex wp-container-core-columns-is-layout-cfc4b5c0 wp-block-columns-is-layout-flex\">\n<div class=\"wp-block-column is-vertically-aligned-top is-layout-flow wp-block-column-is-layout-flow\" style=\"flex-basis:50%\">\n<p class=\"isSelectedEnd\" style=\"text-align: justify;\"><strong>Le moyen le plus simple de se rendre de l&#8217;a\u00e9roport de Grande Canarie (LPA) \u00e0 l&#8217;h\u00f4tel Silken Saaj de Las Palmas<\/strong> est de prendre<strong> un bus public<\/strong> <strong>ou<\/strong> <strong>un taxi\/Uber.<\/strong><\/p>\n<p style=\"text-align: justify;\"><strong>Bus :<\/strong> vous pouvez prendre <strong>les lignes de bus Global L60<\/strong> ou <strong>L91<\/strong> directement depuis l&#8217;a\u00e9roport en direction de Las Palmas. Le trajet dure environ <strong>30 \u00e0 40 minutes<\/strong> et co\u00fbte entre <strong>3 et 5<\/strong> \u20ac. La marche depuis l&#8217;arr\u00eat de bus jusqu&#8217;\u00e0 l&#8217;h\u00f4tel vous prendra environ 8 \u00e0 10 minutes. <\/p> \n<p class=\"isSelectedEnd\" style=\"text-align: justify;\"><strong>Taxi :<\/strong> Le trajet dure environ <strong>20 \u00e0 25 minutes<\/strong> et co\u00fbte g\u00e9n\u00e9ralement entre <strong>30 et 40 \u20ac<\/strong>, selon le trafic. \u00c0 l&#8217;approche du camp, nous cr\u00e9erons un groupe <strong>\u00ab Transport \u00bb<\/strong> au sein de notre <strong>communaut\u00e9 WhatsApp<\/strong>, o\u00f9 vous pourrez entrer en contact avec d&#8217;autres joueurs et organiser ensemble des trajets en taxi partag\u00e9 !<\/p>\n<p style=\"text-align: justify;\"><span style=\"color: #111827;\"><strong><span style=\"color: #01224d;\">EuropCar : <\/span><\/strong>Une autre bonne option consiste \u00e0 <strong>louer une voiture<\/strong> par l&#8217;interm\u00e9diaire de notre partenaire <\/span><span style=\"color: #01224d;\">EuropCar<\/span><span style=\"color: #111827;\">, qui vous offre <\/span><span style=\"color: #01224d;\">une r\u00e9duction de 15 %<\/span><span style=\"color: #111827;\"> sur le prix initial. La r\u00e9duction s&#8217;applique aux r\u00e9servations effectu\u00e9es par e-mail ou par t\u00e9l\u00e9phone : rezerwacje@europcar.pl ; +48 22 255 56 00-01. <\/span> <\/p>\n<p>&nbsp;<\/p>\n<div class=\"qMYqUG_convSearchResultHighlightRoot\">\n<div class=\"\" data-turn-id-container=\"request-WEB:74e20458-7864-4b60-9257-5312336b42e4-18\" data-is-intersecting=\"true\">\n<div class=\"relative w-full overflow-visible\">\n<section class=\"text-token-text-primary w-full focus:outline-none has-data-writing-block:pointer-events-none [&amp;:has([data-writing-block])&gt;*]:pointer-events-auto R6Vx5W_threadScrollVars scroll-mb-[calc(var(--scroll-root-safe-area-inset-bottom,0px)+var(--thread-response-height))] scroll-mt-[calc(var(--header-height)+min(200px,max(70px,20svh)))]\" dir=\"auto\" data-turn-id=\"request-WEB:74e20458-7864-4b60-9257-5312336b42e4-18\" data-turn-id-container=\"request-WEB:74e20458-7864-4b60-9257-5312336b42e4-18\" data-testid=\"conversation-turn-38\" data-scroll-anchor=\"false\" data-turn=\"assistant\">\n<div class=\"text-base my-auto mx-auto pb-10 [--thread-content-margin:var(--thread-content-margin-xs,calc(var(--spacing)*4))] @w-sm\/main:[--thread-content-margin:var(--thread-content-margin-sm,calc(var(--spacing)*6))] @w-lg\/main:[--thread-content-margin:var(--thread-content-margin-lg,calc(var(--spacing)*16))] px-(--thread-content-margin)\">\n<div class=\"[--thread-content-max-width:40rem] @w-lg\/main:[--thread-content-max-width:48rem] mx-auto max-w-(--thread-content-max-width) flex-1 group\/turn-messages focus-visible:outline-hidden relative flex w-full min-w-0 flex-col agent-turn\">\n<div class=\"mt-3 w-full empty:hidden\">\n<div class=\"text-center\"> <\/div>\n<\/div>\n<\/div>\n<\/div>\n<\/section>\n<div class=\"contents\"> <\/div>\n<\/div>\n<\/div>\n<\/div>\n<div class=\"pointer-events-none -mt-px h-px translate-y-[calc(var(--scroll-root-safe-area-inset-bottom)-14*var(--spacing))]\" aria-hidden=\"true\"> <\/div>\n<p style=\"text-align: justify;\" data-start=\"157\" data-end=\"394\"> <\/p>\n<\/div>\n\n\n\n<div class=\"wp-block-column is-vertically-aligned-top is-layout-flow wp-block-column-is-layout-flow\" style=\"flex-basis:50%\">\n<figure class=\"wp-block-image size-full has-custom-border\"><img loading=\"lazy\" decoding=\"async\" width=\"900\" height=\"450\" src=\"https:\/\/kontracamps.com\/wp-content\/uploads\/2026\/08\/WhatsApp-Image-2026-08-31-at-13.38.02.jpeg\" alt=\"\" class=\"wp-image-16488\" style=\"border-radius:8px\" srcset=\"https:\/\/kontracamps.com\/wp-content\/uploads\/2026\/08\/WhatsApp-Image-2026-08-31-at-13.38.02.jpeg 900w, https:\/\/kontracamps.com\/wp-content\/uploads\/2026\/08\/WhatsApp-Image-2026-08-31-at-13.38.02-640x320.jpeg 640w, https:\/\/kontracamps.com\/wp-content\/uploads\/2026\/08\/WhatsApp-Image-2026-08-31-at-13.38.02-768x384.jpeg 768w, https:\/\/kontracamps.com\/wp-content\/uploads\/2026\/08\/WhatsApp-Image-2026-08-31-at-13.38.02-600x300.jpeg 600w\" sizes=\"auto, (max-width: 900px) 100vw, 900px\" \/><\/figure>\n<\/div>\n<\/div>\n<\/div>\n\n<hr class=\"wp-block-separator has-alpha-channel-opacity\" style=\"margin-top:2rem;margin-bottom:2rem\"\/>\n\n<hr class=\"wp-block-separator has-alpha-channel-opacity\" style=\"margin-top:2rem;margin-bottom:2rem\"\/>\n\n<p class=\"wp-block-paragraph\"><\/p>\n","protected":false},"excerpt":{"rendered":"<p>Le lieu Las Palmas de Gran Canaria, situ\u00e9e au nord de l&#8217;\u00eele, est la capitale et la plus grande ville de Grande Canarie. Avec ses plages atlantiques, son climat doux toute l&#8217;ann\u00e9e et son ambiance urbaine anim\u00e9e, c&#8217;est l&#8217;endroit id\u00e9al pour allier le beach-volley \u00e0 tout ce que les \u00eeles Canaries ont \u00e0 offrir. Le [&#8230;]\n","protected":false},"featured_media":16569,"menu_order":0,"template":"","categories":[465],"location":[531],"class_list":["post-16583","camp","type-camp","status-publish","has-post-thumbnail","hentry","category-volley-ball-de-plage","location-las-palmas-de-gran-canaria"],"aioseo_notices":[],"aioseo_head":"\n\t\t<!-- All in One SEO 5.0.0.1 - aioseo.com -->\n\t<meta name=\"description\" content=\"Le lieu Las Palmas de Gran Canaria, situ\u00e9e au nord de l&#039;\u00eele, est la capitale et la plus grande ville de Grande Canarie. Avec ses plages atlantiques, son climat doux toute l&#039;ann\u00e9e et son ambiance urbaine anim\u00e9e, c&#039;est l&#039;endroit id\u00e9al pour allier le beach-volley \u00e0 tout ce que les \u00eeles Canaries ont \u00e0 offrir. Le\" \/>\n\t<meta name=\"robots\" content=\"max-image-preview:large\" \/>\n\t<link rel=\"canonical\" href=\"https:\/\/kontracamps.com\/fr\/camps\/volley-ball-de-plage\/beach-volleyball-camp-a-grande-canarie\/\" \/>\n\t<meta name=\"generator\" content=\"All in One SEO (AIOSEO) 5.0.0.1\" \/>\n\t\t<meta property=\"og:locale\" content=\"fr_FR\" \/>\n\t\t<meta property=\"og:site_name\" content=\"Kontra Camps\" \/>\n\t\t<meta property=\"og:type\" content=\"article\" \/>\n\t\t<meta property=\"og:title\" content=\"Beach volleyball camp \u00e0 Grande Canarie \u00bb Kontra Camps\" \/>\n\t\t<meta property=\"og:description\" content=\"Le lieu Las Palmas de Gran Canaria, situ\u00e9e au nord de l&#039;\u00eele, est la capitale et la plus grande ville de Grande Canarie. Avec ses plages atlantiques, son climat doux toute l&#039;ann\u00e9e et son ambiance urbaine anim\u00e9e, c&#039;est l&#039;endroit id\u00e9al pour allier le beach-volley \u00e0 tout ce que les \u00eeles Canaries ont \u00e0 offrir. Le\" \/>\n\t\t<meta property=\"og:url\" content=\"https:\/\/kontracamps.com\/fr\/camps\/volley-ball-de-plage\/beach-volleyball-camp-a-grande-canarie\/\" \/>\n\t\t<meta property=\"og:image\" content=\"https:\/\/kontracamps.com\/wp-content\/uploads\/2024\/06\/beach-volleyball-camps-small-for-mobile.jpg\" \/>\n\t\t<meta property=\"og:image:secure_url\" content=\"https:\/\/kontracamps.com\/wp-content\/uploads\/2024\/06\/beach-volleyball-camps-small-for-mobile.jpg\" \/>\n\t\t<meta property=\"og:image:width\" content=\"1000\" \/>\n\t\t<meta property=\"og:image:height\" content=\"668\" \/>\n\t\t<meta property=\"article:published_time\" content=\"2026-09-03T12:20:19+00:00\" \/>\n\t\t<meta property=\"article:modified_time\" content=\"2026-09-03T12:21:48+00:00\" \/>\n\t\t<meta name=\"twitter:card\" content=\"summary_large_image\" \/>\n\t\t<meta name=\"twitter:title\" content=\"Beach volleyball camp \u00e0 Grande Canarie \u00bb Kontra Camps\" \/>\n\t\t<meta name=\"twitter:description\" content=\"Le lieu Las Palmas de Gran Canaria, situ\u00e9e au nord de l&#039;\u00eele, est la capitale et la plus grande ville de Grande Canarie. Avec ses plages atlantiques, son climat doux toute l&#039;ann\u00e9e et son ambiance urbaine anim\u00e9e, c&#039;est l&#039;endroit id\u00e9al pour allier le beach-volley \u00e0 tout ce que les \u00eeles Canaries ont \u00e0 offrir. Le\" \/>\n\t\t<meta name=\"twitter:image\" content=\"https:\/\/kontracamps.com\/wp-content\/uploads\/2024\/06\/beach-volleyball-camps-small-for-mobile.jpg\" \/>\n\t\t<meta name=\"twitter:label1\" content=\"Estimation du temps de lecture\" \/>\n\t\t<meta name=\"twitter:data1\" content=\"7 minutes\" \/>\n\t\t<script type=\"application\/ld+json\" class=\"aioseo-schema\">\n\t\t\t{\"@context\":\"https:\\\/\\\/schema.org\",\"@graph\":[{\"@type\":\"BreadcrumbList\",\"@id\":\"https:\\\/\\\/kontracamps.com\\\/fr\\\/camps\\\/volley-ball-de-plage\\\/beach-volleyball-camp-a-grande-canarie\\\/#breadcrumblist\",\"itemListElement\":[{\"@type\":\"ListItem\",\"@id\":\"https:\\\/\\\/kontracamps.com\\\/fr\\\/#listItem\",\"position\":1,\"name\":\"Home\",\"item\":\"https:\\\/\\\/kontracamps.com\\\/fr\\\/\",\"nextItem\":{\"@type\":\"ListItem\",\"@id\":\"https:\\\/\\\/kontracamps.com\\\/fr\\\/camps\\\/%category%\\\/#listItem\",\"name\":\"Camps\"}},{\"@type\":\"ListItem\",\"@id\":\"https:\\\/\\\/kontracamps.com\\\/fr\\\/camps\\\/%category%\\\/#listItem\",\"position\":2,\"name\":\"Camps\",\"item\":\"https:\\\/\\\/kontracamps.com\\\/fr\\\/camps\\\/%category%\\\/\",\"nextItem\":{\"@type\":\"ListItem\",\"@id\":\"https:\\\/\\\/kontracamps.com\\\/fr\\\/category\\\/volley-ball-de-plage\\\/#listItem\",\"name\":\"Volley-ball de plage\"},\"previousItem\":{\"@type\":\"ListItem\",\"@id\":\"https:\\\/\\\/kontracamps.com\\\/fr\\\/#listItem\",\"name\":\"Home\"}},{\"@type\":\"ListItem\",\"@id\":\"https:\\\/\\\/kontracamps.com\\\/fr\\\/category\\\/volley-ball-de-plage\\\/#listItem\",\"position\":3,\"name\":\"Volley-ball de plage\",\"item\":\"https:\\\/\\\/kontracamps.com\\\/fr\\\/category\\\/volley-ball-de-plage\\\/\",\"nextItem\":{\"@type\":\"ListItem\",\"@id\":\"https:\\\/\\\/kontracamps.com\\\/fr\\\/camps\\\/volley-ball-de-plage\\\/beach-volleyball-camp-a-grande-canarie\\\/#listItem\",\"name\":\"Beach volleyball camp \\u00e0 Grande Canarie\"},\"previousItem\":{\"@type\":\"ListItem\",\"@id\":\"https:\\\/\\\/kontracamps.com\\\/fr\\\/camps\\\/%category%\\\/#listItem\",\"name\":\"Camps\"}},{\"@type\":\"ListItem\",\"@id\":\"https:\\\/\\\/kontracamps.com\\\/fr\\\/camps\\\/volley-ball-de-plage\\\/beach-volleyball-camp-a-grande-canarie\\\/#listItem\",\"position\":4,\"name\":\"Beach volleyball camp \\u00e0 Grande Canarie\",\"previousItem\":{\"@type\":\"ListItem\",\"@id\":\"https:\\\/\\\/kontracamps.com\\\/fr\\\/category\\\/volley-ball-de-plage\\\/#listItem\",\"name\":\"Volley-ball de plage\"}}]},{\"@type\":\"Organization\",\"@id\":\"https:\\\/\\\/kontracamps.com\\\/fr\\\/#organization\",\"name\":\"Kontra Camps\",\"description\":\"Kontra Camps organizes beach volleyball and padel camps in unique locations across Europe and beyond. We offer professional-level training led by experienced coaches, combined with a great atmosphere and an international community of motivated athletes from different countries.\",\"url\":\"https:\\\/\\\/kontracamps.com\\\/fr\\\/\",\"logo\":{\"@type\":\"ImageObject\",\"url\":\"https:\\\/\\\/kontracamps.com\\\/wp-content\\\/uploads\\\/2025\\\/01\\\/logo-website-2-1.png\",\"@id\":\"https:\\\/\\\/kontracamps.com\\\/fr\\\/camps\\\/volley-ball-de-plage\\\/beach-volleyball-camp-a-grande-canarie\\\/#organizationLogo\",\"width\":500,\"height\":140},\"image\":{\"@id\":\"https:\\\/\\\/kontracamps.com\\\/fr\\\/camps\\\/volley-ball-de-plage\\\/beach-volleyball-camp-a-grande-canarie\\\/#organizationLogo\"}},{\"@type\":\"WebPage\",\"@id\":\"https:\\\/\\\/kontracamps.com\\\/fr\\\/camps\\\/volley-ball-de-plage\\\/beach-volleyball-camp-a-grande-canarie\\\/#webpage\",\"url\":\"https:\\\/\\\/kontracamps.com\\\/fr\\\/camps\\\/volley-ball-de-plage\\\/beach-volleyball-camp-a-grande-canarie\\\/\",\"name\":\"Beach volleyball camp \\u00e0 Grande Canarie \\u00bb Kontra Camps\",\"description\":\"Le lieu Las Palmas de Gran Canaria, situ\\u00e9e au nord de l'\\u00eele, est la capitale et la plus grande ville de Grande Canarie. Avec ses plages atlantiques, son climat doux toute l'ann\\u00e9e et son ambiance urbaine anim\\u00e9e, c'est l'endroit id\\u00e9al pour allier le beach-volley \\u00e0 tout ce que les \\u00eeles Canaries ont \\u00e0 offrir. Le\",\"inLanguage\":\"fr-FR\",\"isPartOf\":{\"@id\":\"https:\\\/\\\/kontracamps.com\\\/fr\\\/#website\"},\"breadcrumb\":{\"@id\":\"https:\\\/\\\/kontracamps.com\\\/fr\\\/camps\\\/volley-ball-de-plage\\\/beach-volleyball-camp-a-grande-canarie\\\/#breadcrumblist\"},\"image\":{\"@type\":\"ImageObject\",\"url\":\"https:\\\/\\\/kontracamps.com\\\/wp-content\\\/uploads\\\/2026\\\/09\\\/Image-Blend-Blur-Transition.png\",\"@id\":\"https:\\\/\\\/kontracamps.com\\\/fr\\\/camps\\\/volley-ball-de-plage\\\/beach-volleyball-camp-a-grande-canarie\\\/#mainImage\",\"width\":851,\"height\":315},\"primaryImageOfPage\":{\"@id\":\"https:\\\/\\\/kontracamps.com\\\/fr\\\/camps\\\/volley-ball-de-plage\\\/beach-volleyball-camp-a-grande-canarie\\\/#mainImage\"},\"datePublished\":\"2026-09-03T14:20:19+02:00\",\"dateModified\":\"2026-09-03T14:21:48+02:00\"},{\"@type\":\"WebSite\",\"@id\":\"https:\\\/\\\/kontracamps.com\\\/fr\\\/#website\",\"url\":\"https:\\\/\\\/kontracamps.com\\\/fr\\\/\",\"name\":\"Kontra Camps\",\"alternateName\":\"Kontra Camps\",\"description\":\"Sport Camps\",\"inLanguage\":\"fr-FR\",\"publisher\":{\"@id\":\"https:\\\/\\\/kontracamps.com\\\/fr\\\/#organization\"}}]}\n\t\t<\/script>\n\t\t<!-- All in One SEO -->\n\n","aioseo_head_json":{"title":"Beach volleyball camp \u00e0 Grande Canarie \u00bb Kontra Camps","description":"Le lieu Las Palmas de Gran Canaria, situ\u00e9e au nord de l'\u00eele, est la capitale et la plus grande ville de Grande Canarie. Avec ses plages atlantiques, son climat doux toute l'ann\u00e9e et son ambiance urbaine anim\u00e9e, c'est l'endroit id\u00e9al pour allier le beach-volley \u00e0 tout ce que les \u00eeles Canaries ont \u00e0 offrir. Le","canonical_url":"https:\/\/kontracamps.com\/fr\/camps\/volley-ball-de-plage\/beach-volleyball-camp-a-grande-canarie\/","robots":"max-image-preview:large","keywords":"","webmasterTools":{"miscellaneous":""},"schema":{"@context":"https:\/\/schema.org","@graph":[{"@type":"BreadcrumbList","@id":"https:\/\/kontracamps.com\/fr\/camps\/volley-ball-de-plage\/beach-volleyball-camp-a-grande-canarie\/#breadcrumblist","itemListElement":[{"@type":"ListItem","@id":"https:\/\/kontracamps.com\/fr\/#listItem","position":1,"name":"Home","item":"https:\/\/kontracamps.com\/fr\/","nextItem":{"@type":"ListItem","@id":"https:\/\/kontracamps.com\/fr\/camps\/%category%\/#listItem","name":"Camps"}},{"@type":"ListItem","@id":"https:\/\/kontracamps.com\/fr\/camps\/%category%\/#listItem","position":2,"name":"Camps","item":"https:\/\/kontracamps.com\/fr\/camps\/%category%\/","nextItem":{"@type":"ListItem","@id":"https:\/\/kontracamps.com\/fr\/category\/volley-ball-de-plage\/#listItem","name":"Volley-ball de plage"},"previousItem":{"@type":"ListItem","@id":"https:\/\/kontracamps.com\/fr\/#listItem","name":"Home"}},{"@type":"ListItem","@id":"https:\/\/kontracamps.com\/fr\/category\/volley-ball-de-plage\/#listItem","position":3,"name":"Volley-ball de plage","item":"https:\/\/kontracamps.com\/fr\/category\/volley-ball-de-plage\/","nextItem":{"@type":"ListItem","@id":"https:\/\/kontracamps.com\/fr\/camps\/volley-ball-de-plage\/beach-volleyball-camp-a-grande-canarie\/#listItem","name":"Beach volleyball camp \u00e0 Grande Canarie"},"previousItem":{"@type":"ListItem","@id":"https:\/\/kontracamps.com\/fr\/camps\/%category%\/#listItem","name":"Camps"}},{"@type":"ListItem","@id":"https:\/\/kontracamps.com\/fr\/camps\/volley-ball-de-plage\/beach-volleyball-camp-a-grande-canarie\/#listItem","position":4,"name":"Beach volleyball camp \u00e0 Grande Canarie","previousItem":{"@type":"ListItem","@id":"https:\/\/kontracamps.com\/fr\/category\/volley-ball-de-plage\/#listItem","name":"Volley-ball de plage"}}]},{"@type":"Organization","@id":"https:\/\/kontracamps.com\/fr\/#organization","name":"Kontra Camps","description":"Kontra Camps organizes beach volleyball and padel camps in unique locations across Europe and beyond. We offer professional-level training led by experienced coaches, combined with a great atmosphere and an international community of motivated athletes from different countries.","url":"https:\/\/kontracamps.com\/fr\/","logo":{"@type":"ImageObject","url":"https:\/\/kontracamps.com\/wp-content\/uploads\/2025\/01\/logo-website-2-1.png","@id":"https:\/\/kontracamps.com\/fr\/camps\/volley-ball-de-plage\/beach-volleyball-camp-a-grande-canarie\/#organizationLogo","width":500,"height":140},"image":{"@id":"https:\/\/kontracamps.com\/fr\/camps\/volley-ball-de-plage\/beach-volleyball-camp-a-grande-canarie\/#organizationLogo"}},{"@type":"WebPage","@id":"https:\/\/kontracamps.com\/fr\/camps\/volley-ball-de-plage\/beach-volleyball-camp-a-grande-canarie\/#webpage","url":"https:\/\/kontracamps.com\/fr\/camps\/volley-ball-de-plage\/beach-volleyball-camp-a-grande-canarie\/","name":"Beach volleyball camp \u00e0 Grande Canarie \u00bb Kontra Camps","description":"Le lieu Las Palmas de Gran Canaria, situ\u00e9e au nord de l'\u00eele, est la capitale et la plus grande ville de Grande Canarie. Avec ses plages atlantiques, son climat doux toute l'ann\u00e9e et son ambiance urbaine anim\u00e9e, c'est l'endroit id\u00e9al pour allier le beach-volley \u00e0 tout ce que les \u00eeles Canaries ont \u00e0 offrir. Le","inLanguage":"fr-FR","isPartOf":{"@id":"https:\/\/kontracamps.com\/fr\/#website"},"breadcrumb":{"@id":"https:\/\/kontracamps.com\/fr\/camps\/volley-ball-de-plage\/beach-volleyball-camp-a-grande-canarie\/#breadcrumblist"},"image":{"@type":"ImageObject","url":"https:\/\/kontracamps.com\/wp-content\/uploads\/2026\/09\/Image-Blend-Blur-Transition.png","@id":"https:\/\/kontracamps.com\/fr\/camps\/volley-ball-de-plage\/beach-volleyball-camp-a-grande-canarie\/#mainImage","width":851,"height":315},"primaryImageOfPage":{"@id":"https:\/\/kontracamps.com\/fr\/camps\/volley-ball-de-plage\/beach-volleyball-camp-a-grande-canarie\/#mainImage"},"datePublished":"2026-09-03T14:20:19+02:00","dateModified":"2026-09-03T14:21:48+02:00"},{"@type":"WebSite","@id":"https:\/\/kontracamps.com\/fr\/#website","url":"https:\/\/kontracamps.com\/fr\/","name":"Kontra Camps","alternateName":"Kontra Camps","description":"Sport Camps","inLanguage":"fr-FR","publisher":{"@id":"https:\/\/kontracamps.com\/fr\/#organization"}}]},"og:locale":"fr_FR","og:site_name":"Kontra Camps","og:type":"article","og:title":"Beach volleyball camp \u00e0 Grande Canarie \u00bb Kontra Camps","og:description":"Le lieu Las Palmas de Gran Canaria, situ\u00e9e au nord de l'\u00eele, est la capitale et la plus grande ville de Grande Canarie. Avec ses plages atlantiques, son climat doux toute l'ann\u00e9e et son ambiance urbaine anim\u00e9e, c'est l'endroit id\u00e9al pour allier le beach-volley \u00e0 tout ce que les \u00eeles Canaries ont \u00e0 offrir. Le","og:url":"https:\/\/kontracamps.com\/fr\/camps\/volley-ball-de-plage\/beach-volleyball-camp-a-grande-canarie\/","og:image":"https:\/\/kontracamps.com\/wp-content\/uploads\/2024\/06\/beach-volleyball-camps-small-for-mobile.jpg","og:image:secure_url":"https:\/\/kontracamps.com\/wp-content\/uploads\/2024\/06\/beach-volleyball-camps-small-for-mobile.jpg","og:image:width":1000,"og:image:height":668,"article:published_time":"2026-09-03T12:20:19+00:00","article:modified_time":"2026-09-03T12:21:48+00:00","twitter:card":"summary_large_image","twitter:title":"Beach volleyball camp \u00e0 Grande Canarie \u00bb Kontra Camps","twitter:description":"Le lieu Las Palmas de Gran Canaria, situ\u00e9e au nord de l'\u00eele, est la capitale et la plus grande ville de Grande Canarie. Avec ses plages atlantiques, son climat doux toute l'ann\u00e9e et son ambiance urbaine anim\u00e9e, c'est l'endroit id\u00e9al pour allier le beach-volley \u00e0 tout ce que les \u00eeles Canaries ont \u00e0 offrir. Le","twitter:image":"https:\/\/kontracamps.com\/wp-content\/uploads\/2024\/06\/beach-volleyball-camps-small-for-mobile.jpg","twitter:label1":"Estimation du temps de lecture","twitter:data1":"7 minutes"},"aioseo_meta_data":{"post_id":"16583","title":null,"description":null,"keywords":null,"keyphrases":{"focus":{"keyphrase":"","score":0,"analysis":{"keyphraseInTitle":{"score":0,"maxScore":9,"error":1}}},"additional":[]},"primary_term":null,"canonical_url":null,"og_title":null,"og_description":null,"og_object_type":"default","og_image_type":"default","og_image_url":null,"og_image_width":null,"og_image_height":null,"og_image_custom_url":null,"og_image_custom_fields":null,"og_video":"","og_custom_url":null,"og_article_section":null,"og_article_tags":null,"twitter_use_og":false,"twitter_card":"default","twitter_image_type":"default","twitter_image_url":null,"twitter_image_custom_url":null,"twitter_image_custom_fields":null,"twitter_title":null,"twitter_description":null,"schema":{"blockGraphs":[],"customGraphs":[],"default":{"data":{"Article":[],"Course":[],"Dataset":[],"FAQPage":[],"Movie":[],"Person":[],"Product":[],"ProductReview":[],"Car":[],"Recipe":[],"Service":[],"SoftwareApplication":[],"WebPage":[]},"graphName":"WebPage","isEnabled":true},"graphs":[]},"schema_type":"default","schema_type_options":null,"pillar_content":false,"robots_default":true,"robots_noindex":false,"robots_noarchive":false,"robots_nosnippet":false,"robots_nofollow":false,"robots_noimageindex":false,"robots_noodp":false,"robots_notranslate":false,"robots_max_snippet":"-1","robots_max_videopreview":"-1","robots_max_imagepreview":"large","priority":null,"frequency":"default","local_seo":null,"breadcrumb_settings":null,"limit_modified_date":false,"ai":{"faqs":[],"keyPoints":[],"schemas":[],"titles":[],"descriptions":[],"socialPosts":{"email":{"subject":"","preview":"","content":""},"linkedin":[],"twitter":[],"facebook":[],"instagram":[]}},"created":"2026-09-03 12:21:47","updated":"2026-09-03 13:04:41","focus_keyword":null,"additional_keywords":null,"truseo_locale":null,"seo_analyzer_scan_date":null},"aioseo_breadcrumb":"<div class=\"aioseo-breadcrumbs\"><span class=\"aioseo-breadcrumb\">\n\t\t\t<a href=\"https:\/\/kontracamps.com\/fr\/\" title=\"Home\">Home<\/a>\n\t\t<\/span><span class=\"aioseo-breadcrumb-separator\">&raquo;<\/span><span class=\"aioseo-breadcrumb\">\n\t\t\t<a href=\"https:\/\/kontracamps.com\/fr\/camps\/%category%\/\" title=\"Camps\">Camps<\/a>\n\t\t<\/span><span class=\"aioseo-breadcrumb-separator\">&raquo;<\/span><span class=\"aioseo-breadcrumb\">\n\t\t\t<a href=\"https:\/\/kontracamps.com\/fr\/category\/volley-ball-de-plage\/\" title=\"Volley-ball de plage\">Volley-ball de plage<\/a>\n\t\t<\/span><span class=\"aioseo-breadcrumb-separator\">&raquo;<\/span><span class=\"aioseo-breadcrumb\">\n\t\t\tBeach volleyball camp \u00e0 Grande Canarie\n\t\t<\/span><\/div>","aioseo_breadcrumb_json":[{"label":"Home","link":"https:\/\/kontracamps.com\/fr\/"},{"label":"Camps","link":"https:\/\/kontracamps.com\/fr\/camps\/%category%\/"},{"label":"Volley-ball de plage","link":"https:\/\/kontracamps.com\/fr\/category\/volley-ball-de-plage\/"},{"label":"Beach volleyball camp \u00e0 Grande Canarie","link":"https:\/\/kontracamps.com\/fr\/camps\/volley-ball-de-plage\/beach-volleyball-camp-a-grande-canarie\/"}],"_links":{"self":[{"href":"https:\/\/kontracamps.com\/fr\/wp-json\/wp\/v2\/camp\/16583","targetHints":{"allow":["GET"]}}],"collection":[{"href":"https:\/\/kontracamps.com\/fr\/wp-json\/wp\/v2\/camp"}],"about":[{"href":"https:\/\/kontracamps.com\/fr\/wp-json\/wp\/v2\/types\/camp"}],"version-history":[{"count":2,"href":"https:\/\/kontracamps.com\/fr\/wp-json\/wp\/v2\/camp\/16583\/revisions"}],"predecessor-version":[{"id":16586,"href":"https:\/\/kontracamps.com\/fr\/wp-json\/wp\/v2\/camp\/16583\/revisions\/16586"}],"wp:featuredmedia":[{"embeddable":true,"href":"https:\/\/kontracamps.com\/fr\/wp-json\/wp\/v2\/media\/16569"}],"wp:attachment":[{"href":"https:\/\/kontracamps.com\/fr\/wp-json\/wp\/v2\/media?parent=16583"}],"wp:term":[{"taxonomy":"category","embeddable":true,"href":"https:\/\/kontracamps.com\/fr\/wp-json\/wp\/v2\/categories?post=16583"},{"taxonomy":"location","embeddable":true,"href":"https:\/\/kontracamps.com\/fr\/wp-json\/wp\/v2\/location?post=16583"}],"curies":[{"name":"wp","href":"https:\/\/api.w.org\/{rel}","templated":true}]}}