{"id":16590,"date":"2026-09-03T14:20:19","date_gmt":"2026-09-03T12:20:19","guid":{"rendered":"https:\/\/kontracamps.com\/camps\/beach-volley-camp-a-gran-canaria\/"},"modified":"2026-09-03T14:30:34","modified_gmt":"2026-09-03T12:30:34","slug":"beach-volley-camp-a-gran-canaria","status":"publish","type":"camp","link":"https:\/\/kontracamps.com\/it\/camps\/beach-volleyball\/beach-volley-camp-a-gran-canaria\/","title":{"rendered":"Beach volley camp a Gran Canaria"},"content":{"rendered":"\n<hr class=\"wp-block-separator has-alpha-channel-opacity\" style=\"margin-top:2rem;margin-bottom:2rem\"\/>\n\n<h2 class=\"wp-block-heading has-text-align-center\" style=\"margin-bottom:1.5rem;font-style:normal;font-weight:600\">Il luogo<\/h2>\n\n<div class=\"wp-block-columns are-vertically-aligned-top is-layout-flex wp-container-core-columns-is-layout-cfc4b5c0 wp-block-columns-is-layout-flex\">\n<div class=\"wp-block-column is-vertically-aligned-top is-layout-flow wp-block-column-is-layout-flow\" style=\"flex-basis:50%\">\n<figure class=\"wp-block-image size-full has-custom-border\"><img loading=\"lazy\" decoding=\"async\" width=\"1600\" height=\"1045\" src=\"https:\/\/kontracamps.com\/wp-content\/uploads\/2026\/08\/WhatsApp-Image-2026-08-31-at-13.38.02vdfdf.jpeg\" alt=\"\" class=\"wp-image-16493\" style=\"border-radius:8px\" srcset=\"https:\/\/kontracamps.com\/wp-content\/uploads\/2026\/08\/WhatsApp-Image-2026-08-31-at-13.38.02vdfdf.jpeg 1600w, https:\/\/kontracamps.com\/wp-content\/uploads\/2026\/08\/WhatsApp-Image-2026-08-31-at-13.38.02vdfdf-640x418.jpeg 640w, https:\/\/kontracamps.com\/wp-content\/uploads\/2026\/08\/WhatsApp-Image-2026-08-31-at-13.38.02vdfdf-1280x836.jpeg 1280w, https:\/\/kontracamps.com\/wp-content\/uploads\/2026\/08\/WhatsApp-Image-2026-08-31-at-13.38.02vdfdf-768x502.jpeg 768w, https:\/\/kontracamps.com\/wp-content\/uploads\/2026\/08\/WhatsApp-Image-2026-08-31-at-13.38.02vdfdf-1536x1003.jpeg 1536w, https:\/\/kontracamps.com\/wp-content\/uploads\/2026\/08\/WhatsApp-Image-2026-08-31-at-13.38.02vdfdf-600x392.jpeg 600w\" sizes=\"auto, (max-width: 1600px) 100vw, 1600px\" \/><\/figure>\n<\/div>\n\n\n\n<div class=\"wp-block-column is-vertically-aligned-top is-layout-flow wp-block-column-is-layout-flow\" style=\"flex-basis:50%\">\n<p class=\"isSelectedEnd\" style=\"text-align: justify;\"><strong>Las Palmas de Gran Canaria<\/strong>, situata nel <strong>nord dell\u2019isola<\/strong>, \u00e8 il capoluogo e la citt\u00e0 pi\u00f9 grande di Gran Canaria. Con le sue spiagge sull\u2019Atlantico, il clima mite tutto l\u2019anno e l\u2019atmosfera vivace della citt\u00e0, \u00e8 il posto perfetto per unire il beach volley a tutto ci\u00f2 che le Isole Canarie hanno da offrire. Il campo si svolge a <strong>Playa de Las Alcaravaneras<\/strong>, una spiaggia centrale della citt\u00e0 dall\u2019atmosfera rilassata e con condizioni ottimali per l\u2019allenamento di beach volley.<\/p>\n<p style=\"text-align: justify;\">Febbraio \u00e8 anche uno dei periodi pi\u00f9 emozionanti per visitare Las Palmas, grazie al famoso <strong>Carnevale di Las Palmas de. \u00c8 <\/strong>un\u2019ottima occasione per unire <strong>il beach volley, il sole, l\u2019Oceano Atlantico e uno degli eventi culturali pi\u00f9 vivaci delle Isole Canarie<\/strong>.<\/p>\n<\/div>\n<\/div>\n\n<hr class=\"wp-block-separator has-alpha-channel-opacity\"\/>\n\n<h2 class=\"wp-block-heading has-text-align-center\"><strong>Carnevale di Las Palmas<\/strong><\/h2>\n\n<div class=\"wp-block-columns is-layout-flex wp-container-core-columns-is-layout-8f761849 wp-block-columns-is-layout-flex\">\n<div class=\"wp-block-column is-layout-flow wp-block-column-is-layout-flow\">\n<p style=\"text-align: justify;\"><strong>Preparati a vivere la magia del Carnevale di Las Palmas!<\/strong> Da oltre 500 anni, la citt\u00e0 si anima con musica, costumi coloratissimi, balli e festeggiamenti che riempiono le strade di energia. Uno degli eventi pi\u00f9 importanti \u00e8 il famoso <strong>Gala delle Drag Queen<\/strong>, noto per le sue esibizioni spettacolari e i costumi indimenticabili.<\/p>\n<\/div>\n\n\n\n<div class=\"wp-block-column is-layout-flow wp-block-column-is-layout-flow\">\n<figure class=\"wp-block-image size-full has-custom-border\"><img loading=\"lazy\" decoding=\"async\" width=\"1200\" height=\"720\" src=\"https:\/\/kontracamps.com\/wp-content\/uploads\/2026\/09\/Cabalgata-del-Carnaval-en-Gran-Canaria.jpg\" alt=\"\" class=\"wp-image-16536\" style=\"border-radius:8px\" srcset=\"https:\/\/kontracamps.com\/wp-content\/uploads\/2026\/09\/Cabalgata-del-Carnaval-en-Gran-Canaria.jpg 1200w, https:\/\/kontracamps.com\/wp-content\/uploads\/2026\/09\/Cabalgata-del-Carnaval-en-Gran-Canaria-640x384.jpg 640w, https:\/\/kontracamps.com\/wp-content\/uploads\/2026\/09\/Cabalgata-del-Carnaval-en-Gran-Canaria-768x461.jpg 768w, https:\/\/kontracamps.com\/wp-content\/uploads\/2026\/09\/Cabalgata-del-Carnaval-en-Gran-Canaria-600x360.jpg 600w\" sizes=\"auto, (max-width: 1200px) 100vw, 1200px\" \/><\/figure>\n<\/div>\n<\/div>\n\n<div class=\"wp-block-columns is-layout-flex wp-container-core-columns-is-layout-8f761849 wp-block-columns-is-layout-flex\">\n<div class=\"wp-block-column is-layout-flow wp-block-column-is-layout-flow\">\n<figure class=\"wp-block-image size-full has-custom-border\"><img loading=\"lazy\" decoding=\"async\" width=\"1200\" height=\"720\" src=\"https:\/\/kontracamps.com\/wp-content\/uploads\/2026\/09\/Cabalgata-de-Carnaval-en-Santa-Cruz-de-Tenerife-1.jpg\" alt=\"\" class=\"wp-image-16558\" style=\"border-radius:8px\" srcset=\"https:\/\/kontracamps.com\/wp-content\/uploads\/2026\/09\/Cabalgata-de-Carnaval-en-Santa-Cruz-de-Tenerife-1.jpg 1200w, https:\/\/kontracamps.com\/wp-content\/uploads\/2026\/09\/Cabalgata-de-Carnaval-en-Santa-Cruz-de-Tenerife-1-640x384.jpg 640w, https:\/\/kontracamps.com\/wp-content\/uploads\/2026\/09\/Cabalgata-de-Carnaval-en-Santa-Cruz-de-Tenerife-1-767x460.jpg 767w, https:\/\/kontracamps.com\/wp-content\/uploads\/2026\/09\/Cabalgata-de-Carnaval-en-Santa-Cruz-de-Tenerife-1-600x360.jpg 600w\" sizes=\"auto, (max-width: 1200px) 100vw, 1200px\" \/><\/figure>\n<\/div>\n\n\n\n<div class=\"wp-block-column is-layout-flow wp-block-column-is-layout-flow\">\n<p style=\"text-align: justify;\">Ed ecco una <strong>curiosit\u00e0<\/strong>: quando il Carnevale fu vietato durante l\u2019era di Franco, la gente del posto si rifiut\u00f2 di lasciare che la tradizione scomparisse. Continuarono a festeggiare di nascosto, nascondendo persino i costumi sotto le lenzuola mentre andavano ai festeggiamenti. Oggi quello spirito \u00e8 ancora vivo e rende il Carnevale di Las Palmas una festa ricca di storia, creativit\u00e0 e tanto divertimento.<\/p>\n<\/div>\n<\/div>\n\n<hr class=\"wp-block-separator has-alpha-channel-opacity\" style=\"margin-top:2rem;margin-bottom:2rem\"\/>\n\n<div class=\"wp-block-group is-layout-flow wp-block-group-is-layout-flow\">\n<h2 class=\"wp-block-heading has-text-align-center\" style=\"margin-bottom:1.5rem;font-style:normal;font-weight:600\">Soggiorno e pasti<\/h2>\n\n\n\n<div class=\"wp-block-columns are-vertically-aligned-top is-layout-flex wp-container-core-columns-is-layout-cfc4b5c0 wp-block-columns-is-layout-flex\">\n<div class=\"wp-block-column is-vertically-aligned-top is-layout-flow wp-block-column-is-layout-flow\" style=\"flex-basis:50%\">\n<p style=\"text-align: justify;\">Durante il campo, i partecipanti alloggeranno <strong>all\u2019Hotel Silken Saaj Las Palmas,<\/strong> un <strong>hotel<\/strong> <strong>a 4 stelle<\/strong> situato in posizione strategica nel cuore di Las Palmas de Gran Canaria. <strong>Playa de Las Alcaravaneras dista solo 2-3 minuti a piedi (circa 200 metri) dall\u2019hotel<\/strong>, il che rende facilissimo raggiungere le nostre sessioni quotidiane di beach volley.<strong> Con una passeggiata di 8-10 minuti<\/strong> arriverai anche alla <strong>Plaza de Espa\u00f1a, il centro della citt\u00e0<\/strong> con ristoranti, bar, attrazioni e <strong>la<\/strong> vivace <strong>atmosfera del Carnevale!<\/strong><\/p>\n<p style=\"text-align: justify;\">Il tuo soggiorno include <strong>la colazione a buffet ogni giorno<\/strong>, per iniziare al meglio una giornata di allenamenti di beach volley e altre attivit\u00e0. Le camere, accoglienti e spaziose, sono dotate di letto matrimoniale o due letti singoli, oltre ad aria condizionata, Smart TV, scrivania, ferro da stiro e asciugacapelli.  <\/p>\n<p style=\"text-align: justify;\">Se vuoi <strong>prolungare il tuo soggiorno<\/strong> prima o dopo il campo, su richiesta potrebbero essere disponibili notti aggiuntive. Puoi anche passare a una camera <strong>con vista mare<\/strong> o <strong>con vista mare premium<\/strong> pagando un supplemento. <strong>Consulta i prezzi.<\/strong><\/p>\n<\/div>\n\n\n\n<div class=\"wp-block-column is-vertically-aligned-top is-layout-flow wp-block-column-is-layout-flow\" style=\"flex-basis:50%\">\n<figure class=\"wp-block-image size-full has-custom-border\"><img loading=\"lazy\" decoding=\"async\" width=\"2048\" height=\"1365\" src=\"https:\/\/kontracamps.com\/wp-content\/uploads\/2026\/08\/big-copia-de-habitacin-estndar-2-hotel-silken-saaj-5f15ccc829785cbfdb65d2d9ed28cc13-44aee3ad7bbf15a1b4abad5baa182ed5.webp\" alt=\"\" class=\"wp-image-16245\" style=\"border-radius:8px\" srcset=\"https:\/\/kontracamps.com\/wp-content\/uploads\/2026\/08\/big-copia-de-habitacin-estndar-2-hotel-silken-saaj-5f15ccc829785cbfdb65d2d9ed28cc13-44aee3ad7bbf15a1b4abad5baa182ed5.webp 2048w, https:\/\/kontracamps.com\/wp-content\/uploads\/2026\/08\/big-copia-de-habitacin-estndar-2-hotel-silken-saaj-5f15ccc829785cbfdb65d2d9ed28cc13-44aee3ad7bbf15a1b4abad5baa182ed5-640x427.webp 640w, https:\/\/kontracamps.com\/wp-content\/uploads\/2026\/08\/big-copia-de-habitacin-estndar-2-hotel-silken-saaj-5f15ccc829785cbfdb65d2d9ed28cc13-44aee3ad7bbf15a1b4abad5baa182ed5-1280x853.webp 1280w, https:\/\/kontracamps.com\/wp-content\/uploads\/2026\/08\/big-copia-de-habitacin-estndar-2-hotel-silken-saaj-5f15ccc829785cbfdb65d2d9ed28cc13-44aee3ad7bbf15a1b4abad5baa182ed5-768x512.webp 768w, https:\/\/kontracamps.com\/wp-content\/uploads\/2026\/08\/big-copia-de-habitacin-estndar-2-hotel-silken-saaj-5f15ccc829785cbfdb65d2d9ed28cc13-44aee3ad7bbf15a1b4abad5baa182ed5-1536x1024.webp 1536w, https:\/\/kontracamps.com\/wp-content\/uploads\/2026\/08\/big-copia-de-habitacin-estndar-2-hotel-silken-saaj-5f15ccc829785cbfdb65d2d9ed28cc13-44aee3ad7bbf15a1b4abad5baa182ed5-600x400.webp 600w\" sizes=\"auto, (max-width: 2048px) 100vw, 2048px\" \/><\/figure>\n<\/div>\n<\/div>\n<\/div>\n\n<hr class=\"wp-block-separator has-alpha-channel-opacity\" style=\"margin-top:2rem;margin-bottom:2rem\"\/>\n\n<div class=\"wp-block-group is-layout-flow wp-block-group-is-layout-flow\">\n<h2 class=\"wp-block-heading has-text-align-center\" style=\"margin-bottom:1.5rem;font-style:normal;font-weight:600\">Sul campo<\/h2>\n\n\n\n<div class=\"wp-block-columns are-vertically-aligned-top is-layout-flex wp-container-core-columns-is-layout-cfc4b5c0 wp-block-columns-is-layout-flex\">\n<div class=\"wp-block-column is-vertically-aligned-top is-layout-flow wp-block-column-is-layout-flow\" style=\"flex-basis:50%\">\n<figure class=\"wp-block-image size-full has-custom-border\"><img loading=\"lazy\" decoding=\"async\" width=\"2000\" height=\"1336\" src=\"https:\/\/kontracamps.com\/wp-content\/uploads\/2026\/05\/DSC00090-10.jpg\" alt=\"\" class=\"wp-image-14797\" style=\"border-radius:8px\" srcset=\"https:\/\/kontracamps.com\/wp-content\/uploads\/2026\/05\/DSC00090-10.jpg 2000w, https:\/\/kontracamps.com\/wp-content\/uploads\/2026\/05\/DSC00090-10-640x428.jpg 640w, https:\/\/kontracamps.com\/wp-content\/uploads\/2026\/05\/DSC00090-10-1280x855.jpg 1280w, https:\/\/kontracamps.com\/wp-content\/uploads\/2026\/05\/DSC00090-10-768x513.jpg 768w, https:\/\/kontracamps.com\/wp-content\/uploads\/2026\/05\/DSC00090-10-1536x1026.jpg 1536w, https:\/\/kontracamps.com\/wp-content\/uploads\/2026\/05\/DSC00090-10-600x401.jpg 600w\" sizes=\"auto, (max-width: 2000px) 100vw, 2000px\" \/><\/figure>\n<\/div>\n\n\n\n<div class=\"wp-block-column is-vertically-aligned-top is-layout-flow wp-block-column-is-layout-flow\" style=\"flex-basis:50%\">\n<p class=\"isSelectedEnd\" style=\"text-align: justify;\"><strong>La qualit\u00e0 dell&#8217;allenamento \u00e8 la nostra priorit\u00e0.<\/strong> I nostri campi sono aperti a tutti i livelli, con piccoli gruppi di <strong>6 giocatori (fino a 8 per i principianti)<\/strong>, un court tutto per te e un allenatore dedicato. Ogni sessione dura <strong>90 minuti e si svolge in inglese.<\/strong><\/p>\n<p class=\"isSelectedEnd\" style=\"text-align: justify;\">Il campo prevede <strong>8 training sessions e 3 tornei: un torneo amichevole per conoscersi meglio, seguito da 2 tornei competitivi. E poi <\/strong>tanto tempo per divertirsi insieme, con una <strong>conferenza, un quiz, un&#8217;escursione e molto altro ancora<\/strong>. Dai un&#8217;occhiata al calendario qui sotto per il programma completo!<\/p>\n<p style=\"text-align: justify;\" data-start=\"627\" data-end=\"718\">Potrai inoltre accedere gratuitamente ai campi da gioco, per giocare ancora di pi\u00f9 se lo desideri.<\/p>\n<p style=\"text-align: justify;\" data-start=\"720\" data-end=\"886\">Se hai un tuo gruppo di allenamento, ti invitiamo a iscriverti in gruppo o in coppia. Se ti iscrivi da solo, ti abbineremo a un gruppo di allenamento adeguato.<\/p>\n<\/div>\n<\/div>\n<\/div>\n\n<hr class=\"wp-block-separator has-alpha-channel-opacity\" style=\"margin-top:2rem;margin-bottom:2rem\"\/>\n\n<div class=\"wp-block-group is-layout-flow wp-block-group-is-layout-flow\">\n<h2 class=\"wp-block-heading has-text-align-center\" style=\"margin-bottom:1.5rem;font-style:normal;font-weight:600\">Programma<\/h2>\n\n\n\n<div class=\"wp-block-columns is-layout-flex wp-container-core-columns-is-layout-5f2d26f3 wp-block-columns-is-layout-flex\" style=\"margin-bottom:1.5rem\">\n<div class=\"wp-block-column is-layout-flow wp-block-column-is-layout-flow\">\n<p style=\"text-align: justify;\">Ecco il programma provvisorio del campo. La versione definitiva potrebbe differire da quella qui presentata a seconda del numero di partecipanti e delle condizioni meteorologiche.<\/p>\n<p style=\"text-align: justify;\"><strong>6 febbraio \u2013 giorno di arrivo:<\/strong><\/p>\n<ul>\n<li style=\"text-align: justify;\">accesso alle corti a partire dalla mattina<\/li>\n<li style=\"text-align: justify;\">Check-in in hotel possibile a partire dalle 14:00.<\/li>\n<li style=\"text-align: justify;\">17:00 \u2013 19:00 \u2013 giochi per &#8220;fare conoscenza&#8221; (torneo amichevole) \u2013 partecipa se puoi<\/li>\n<li style=\"text-align: justify;\">21:30 \u2013 apertura del campo e festa di benvenuto<\/li>\n<\/ul>\n<\/div>\n\n\n\n<div class=\"wp-block-column is-layout-flow wp-block-column-is-layout-flow\">\n<p style=\"text-align: justify;\"><strong>13 febbraio \u2013 giorno della partenza:<\/strong><\/p>\n<ul>\n<li>tutto il giorno \u2013 uso gratuito delle court<\/li>\n<li>entro le 12:00 \u2013 check-out dall\u2019hotel<\/li>\n<li>fine del campo\u2026<\/li>\n<\/ul>\n<p>C\u2019\u00e8 la possibilit\u00e0 di fare il check-out posticipato; per maggiori informazioni e prezzi, chiedi direttamente alla reception. <\/p> \n<p style=\"text-align: justify;\">\n<\/div>\n<\/div>\n\n\n\n<figure class=\"wp-block-image aligncenter size-full has-custom-border\"><a href=\"https:\/\/kontracamps.com\/wp-content\/uploads\/2026\/08\/Domina-BV-2.png\"><img loading=\"lazy\" decoding=\"async\" width=\"2100\" height=\"1200\" src=\"https:\/\/kontracamps.com\/wp-content\/uploads\/2026\/08\/Domina-BV-2.png\" alt=\"\" class=\"wp-image-16515\" style=\"border-radius:8px\" srcset=\"https:\/\/kontracamps.com\/wp-content\/uploads\/2026\/08\/Domina-BV-2.png 2100w, https:\/\/kontracamps.com\/wp-content\/uploads\/2026\/08\/Domina-BV-2-640x366.png 640w, https:\/\/kontracamps.com\/wp-content\/uploads\/2026\/08\/Domina-BV-2-1280x731.png 1280w, https:\/\/kontracamps.com\/wp-content\/uploads\/2026\/08\/Domina-BV-2-768x439.png 768w, https:\/\/kontracamps.com\/wp-content\/uploads\/2026\/08\/Domina-BV-2-1536x878.png 1536w, https:\/\/kontracamps.com\/wp-content\/uploads\/2026\/08\/Domina-BV-2-2048x1170.png 2048w, https:\/\/kontracamps.com\/wp-content\/uploads\/2026\/08\/Domina-BV-2-600x343.png 600w\" sizes=\"auto, (max-width: 2100px) 100vw, 2100px\" \/><\/a><\/figure>\n<\/div>\n\n<hr class=\"wp-block-separator has-alpha-channel-opacity\" style=\"margin-top:2rem;margin-bottom:2rem\"\/>\n\n<div class=\"wp-block-group is-layout-flow wp-block-group-is-layout-flow\">\n<h2 class=\"wp-block-heading has-text-align-center\" style=\"margin-bottom:1.5rem;font-style:normal;font-weight:600\">Per chi?<\/h2>\n\n\n\n<div class=\"wp-block-columns are-vertically-aligned-top is-layout-flex wp-container-core-columns-is-layout-cfc4b5c0 wp-block-columns-is-layout-flex\">\n<div class=\"wp-block-column is-vertically-aligned-top is-layout-flow wp-block-column-is-layout-flow\" style=\"flex-basis:50%\"><\/div>\n<\/div>\n<\/div>\n\n<div class=\"wp-block-columns is-layout-flex wp-container-core-columns-is-layout-8f761849 wp-block-columns-is-layout-flex\">\n<div class=\"wp-block-column is-layout-flow wp-block-column-is-layout-flow\">\n<figure class=\"wp-block-image size-large has-custom-border\"><img loading=\"lazy\" decoding=\"async\" width=\"1280\" height=\"855\" src=\"https:\/\/kontracamps.com\/wp-content\/uploads\/2026\/08\/DSC01980-225-1280x855.jpg\" alt=\"\" class=\"wp-image-16250\" style=\"border-radius:8px\" srcset=\"https:\/\/kontracamps.com\/wp-content\/uploads\/2026\/08\/DSC01980-225-1280x855.jpg 1280w, https:\/\/kontracamps.com\/wp-content\/uploads\/2026\/08\/DSC01980-225-640x428.jpg 640w, https:\/\/kontracamps.com\/wp-content\/uploads\/2026\/08\/DSC01980-225-768x513.jpg 768w, https:\/\/kontracamps.com\/wp-content\/uploads\/2026\/08\/DSC01980-225-1536x1026.jpg 1536w, https:\/\/kontracamps.com\/wp-content\/uploads\/2026\/08\/DSC01980-225-600x401.jpg 600w, https:\/\/kontracamps.com\/wp-content\/uploads\/2026\/08\/DSC01980-225.jpg 2000w\" sizes=\"auto, (max-width: 1280px) 100vw, 1280px\" \/><\/figure>\n<\/div>\n\n\n\n<div class=\"wp-block-column is-layout-flow wp-block-column-is-layout-flow\">\n<p style=\"text-align: justify;\">I nostri campi accolgono <strong>viaggiatori solitari, coppie e gruppi<\/strong> \u2014 che tu venga con una squadra al completo o da solo. Vieni da solo? Ti aiuteremo a trovare un <strong>compagno di stanza e un gruppo di allenamento adatto al tuo livello<\/strong>, cos\u00ec potrai concentrarti sul gioco, conoscere gente e divertirti. Molti partecipanti arrivano da soli e se ne vanno con <strong>nuovi amici e una squadra pronta per il prossimo campo!<\/strong><\/p>\n<p style=\"text-align: justify;\">I nostri campi sono aperti agli <strong>adulti e ai giocatori pi\u00f9 giovani sotto la supervisione dei genitori<\/strong>. Abbiamo ospitato giocatori dai <strong>13 ai 67 anni<\/strong>, quindi non c\u2019\u00e8 un\u2019et\u00e0 \u201cgiusta\u201d per partecipare. Basta che porti con te la tua passione per il beach volley!<\/p>\n<\/div>\n<\/div>\n\n<hr class=\"wp-block-separator has-alpha-channel-opacity\" style=\"margin-top:2rem;margin-bottom:2rem\"\/>\n\n<div class=\"wp-block-group is-layout-flow wp-block-group-is-layout-flow\">\n<h2 class=\"wp-block-heading has-text-align-center\" style=\"margin-bottom:1.5rem;font-style:normal;font-weight:600\">Pacchetto Sport  <\/h2>\n\n\n\n<div class=\"wp-block-columns is-layout-flex wp-container-core-columns-is-layout-cfc4b5c0 wp-block-columns-is-layout-flex\">\n<div class=\"wp-block-column is-vertically-aligned-center is-layout-flow wp-block-column-is-layout-flow\" style=\"flex-basis:50%\">\n<p style=\"text-align: justify;\">Vuoi partecipare alle attivit\u00e0 sportive ma organizzare da solo l&#8217;alloggio e i pasti?  <\/p>\n<p>Ecco la posizione della court: https: <a href=\"https:\/\/maps.app.goo.gl\/UTWxHMep6B6noPUA7\">\/\/maps.app.goo.gl\/ejdjBqzQ9MLEAvST6 <\/a> <\/p>\n<p>Il pacchetto Sport include:<\/p>\n<p>\u2705 tutti gli allenamenti<br\/>\u2705 tutti i tornei<br\/>\u2705 l&#8217;uso gratuito dei campi<br\/>\u2705 la lezione<br\/>\u2705 le sessioni di condizionamento<br\/>\u2705 il pacchetto di benvenuto<br\/>\u2705 le sessioni di recupero attivo e mobilit\u00e0<br\/>\u2705 l&#8217;ingresso a tutte le feste sociali<\/p>\n<p>Controlla il listino prezzi per vedere il prezzo del pacchetto Sport.<\/p>\n<\/div>\n\n\n\n<div class=\"wp-block-column is-vertically-aligned-top is-layout-flow wp-block-column-is-layout-flow\" style=\"flex-basis:50%\">\n<figure class=\"wp-block-image size-full has-custom-border\"><img loading=\"lazy\" decoding=\"async\" width=\"2000\" height=\"1336\" src=\"https:\/\/kontracamps.com\/wp-content\/uploads\/2026\/08\/DSC06945-38.jpg\" alt=\"\" class=\"wp-image-16255\" style=\"border-radius:8px\" srcset=\"https:\/\/kontracamps.com\/wp-content\/uploads\/2026\/08\/DSC06945-38.jpg 2000w, https:\/\/kontracamps.com\/wp-content\/uploads\/2026\/08\/DSC06945-38-640x428.jpg 640w, https:\/\/kontracamps.com\/wp-content\/uploads\/2026\/08\/DSC06945-38-1280x855.jpg 1280w, https:\/\/kontracamps.com\/wp-content\/uploads\/2026\/08\/DSC06945-38-768x513.jpg 768w, https:\/\/kontracamps.com\/wp-content\/uploads\/2026\/08\/DSC06945-38-1536x1026.jpg 1536w, https:\/\/kontracamps.com\/wp-content\/uploads\/2026\/08\/DSC06945-38-600x401.jpg 600w\" sizes=\"auto, (max-width: 2000px) 100vw, 2000px\" \/><\/figure>\n<\/div>\n<\/div>\n<\/div>\n\n<hr class=\"wp-block-separator has-alpha-channel-opacity\" style=\"margin-top:2rem;margin-bottom:2rem\"\/>\n\n<h2 class=\"wp-block-heading has-text-align-center\" style=\"margin-bottom:1.5rem;font-style:normal;font-weight:600\"><strong>Famiglia e amici<\/strong><\/h2>\n\n<div class=\"wp-block-columns are-vertically-aligned-top is-layout-flex wp-container-core-columns-is-layout-cfc4b5c0 wp-block-columns-is-layout-flex\">\n<div class=\"wp-block-column is-vertically-aligned-top is-layout-flow wp-block-column-is-layout-flow\" style=\"flex-basis:50%\">\n<figure class=\"wp-block-image size-full has-custom-border\"><img loading=\"lazy\" decoding=\"async\" width=\"2000\" height=\"1336\" src=\"https:\/\/kontracamps.com\/wp-content\/uploads\/2026\/08\/DSC08862-10-1.jpg\" alt=\"\" class=\"wp-image-16260\" style=\"border-radius:8px\" srcset=\"https:\/\/kontracamps.com\/wp-content\/uploads\/2026\/08\/DSC08862-10-1.jpg 2000w, https:\/\/kontracamps.com\/wp-content\/uploads\/2026\/08\/DSC08862-10-1-640x428.jpg 640w, https:\/\/kontracamps.com\/wp-content\/uploads\/2026\/08\/DSC08862-10-1-1280x855.jpg 1280w, https:\/\/kontracamps.com\/wp-content\/uploads\/2026\/08\/DSC08862-10-1-768x513.jpg 768w, https:\/\/kontracamps.com\/wp-content\/uploads\/2026\/08\/DSC08862-10-1-1536x1026.jpg 1536w, https:\/\/kontracamps.com\/wp-content\/uploads\/2026\/08\/DSC08862-10-1-600x401.jpg 600w\" sizes=\"auto, (max-width: 2000px) 100vw, 2000px\" \/><\/figure>\n<\/div>\n\n\n\n<div class=\"wp-block-column is-vertically-aligned-top is-layout-flow wp-block-column-is-layout-flow\" style=\"flex-basis:50%\">\n<div class=\"wp-block-columns is-layout-flex wp-container-core-columns-is-layout-8f761849 wp-block-columns-is-layout-flex\">\n<div class=\"wp-block-column is-layout-flow wp-block-column-is-layout-flow\">\n<p style=\"text-align: justify;\">Il tuo partner, un amico o un familiare \u00e8 pi\u00f9 che benvenuto! Aggiungi un <strong>travel companion<\/strong> al momento della prenotazione e godetevi il campo insieme.  <\/p>\n<p style=\"text-align: justify;\">\n\n\n\n\n<p class=\"wp-block-paragraph\" style=\"text-align: justify;\">Gli accompagnatori possono partecipare <strong>alle<\/strong> nostre <strong>attivit\u00e0 sociali, alle conferenze, agli esercizi di preparazione fisica e di stretching<\/strong>, e possono persino usare i courts al di fuori degli orari di allenamento. Semplicemente non prenderanno parte alle <strong>training sessions n\u00e9 ai tornei<\/strong> \u2014 quindi avrai tutto il tempo per goderti il campo come preferisci!<\/p>\n<p style=\"text-align: justify;\"><strong>Viaggi con dei bambini?<\/strong> Tieni presente che in questo hotel ai bambini viene applicata la <strong>tariffa normale<\/strong>. Se viaggi con un bambino, potrebbe essere pi\u00f9 conveniente prenotare <strong>una sistemazione separata e un pacchetto sportivo a parte<\/strong>.<\/p>\n<p>\n<\/p>\n\n\n\n<p class=\"wp-block-paragraph\"> <\/p>\n<\/div>\n<\/div>\n<\/div>\n<\/div>\n\n<hr class=\"wp-block-separator has-alpha-channel-opacity\" style=\"margin-top:2rem;margin-bottom:2rem\"\/>\n\n<div class=\"wp-block-group is-layout-flow wp-block-group-is-layout-flow\">\n<h2 class=\"wp-block-heading has-text-align-center\" style=\"margin-bottom:1.5rem;font-style:normal;font-weight:600\">Informazioni di viaggio<\/h2>\n\n\n\n<div class=\"wp-block-columns is-layout-flex wp-container-core-columns-is-layout-cfc4b5c0 wp-block-columns-is-layout-flex\">\n<div class=\"wp-block-column is-vertically-aligned-top is-layout-flow wp-block-column-is-layout-flow\" style=\"flex-basis:50%\">\n<p class=\"isSelectedEnd\" style=\"text-align: justify;\"><strong>Il modo pi\u00f9 semplice per arrivare dall\u2019aeroporto di Gran Canaria (LPA) all\u2019Hotel Silken Saaj di Las Palmas<\/strong> \u00e8 con<strong> l\u2019autobus pubblico<\/strong> <strong>o<\/strong> <strong>in taxi\/Uber.<\/strong><\/p>\n<p style=\"text-align: justify;\"><strong>Autobus pubblico:<\/strong> puoi prendere <strong>la linea L60<\/strong> o <strong>L91<\/strong> <strong>della Global<\/strong> direttamente dall\u2019aeroporto in direzione Las Palmas. Il viaggio dura circa <strong>30-40 minuti<\/strong> e costa all\u2019incirca <strong>3-5<\/strong> \u20ac. La passeggiata dalla fermata dell\u2019autobus all\u2019hotel ti richieder\u00e0 circa 8-10 minuti. <\/p> \n<p class=\"isSelectedEnd\" style=\"text-align: justify;\"><strong>Taxi:<\/strong> Il viaggio dura circa <strong>20-25 minuti<\/strong> e di solito costa tra <strong>i 30 e i 40 \u20ac<\/strong>, a seconda del traffico. Man mano che ci avvicineremo al campo, creeremo un gruppo <strong>\u201cTrasporti\u201d<\/strong> nella nostra <strong>community di WhatsApp<\/strong>, dove potrai metterti in contatto con altri giocatori e organizzare insieme dei taxi condivisi!<\/p>\n<p style=\"text-align: justify;\"><span style=\"color: #111827;\"><strong><span style=\"color: #01224d;\">EuropCar: <\/span><\/strong>Un&#8217;altra ottima opzione \u00e8 <strong>noleggiare un&#8217;auto<\/strong> tramite il nostro partner <\/span><span style=\"color: #01224d;\">EuropCar<\/span><span style=\"color: #111827;\">, dove puoi ottenere <\/span><span style=\"color: #01224d;\">sconto del 15%<\/span><span style=\"color: #111827;\"> sul prezzo iniziale. Lo sconto vale per le prenotazioni effettuate via e-mail o per telefono: rezerwacje@europcar.pl; +48 22 255 56 00-01. <\/span> <\/p>\n<p>&nbsp;<\/p>\n<div class=\"qMYqUG_convSearchResultHighlightRoot\">\n<div class=\"\" data-turn-id-container=\"request-WEB:74e20458-7864-4b60-9257-5312336b42e4-18\" data-is-intersecting=\"true\">\n<div class=\"relative w-full overflow-visible\">\n<section class=\"text-token-text-primary w-full focus:outline-none has-data-writing-block:pointer-events-none [&amp;:has([data-writing-block])&gt;*]:pointer-events-auto R6Vx5W_threadScrollVars scroll-mb-[calc(var(--scroll-root-safe-area-inset-bottom,0px)+var(--thread-response-height))] scroll-mt-[calc(var(--header-height)+min(200px,max(70px,20svh)))]\" dir=\"auto\" data-turn-id=\"request-WEB:74e20458-7864-4b60-9257-5312336b42e4-18\" data-turn-id-container=\"request-WEB:74e20458-7864-4b60-9257-5312336b42e4-18\" data-testid=\"conversation-turn-38\" data-scroll-anchor=\"false\" data-turn=\"assistant\">\n<div class=\"text-base my-auto mx-auto pb-10 [--thread-content-margin:var(--thread-content-margin-xs,calc(var(--spacing)*4))] @w-sm\/main:[--thread-content-margin:var(--thread-content-margin-sm,calc(var(--spacing)*6))] @w-lg\/main:[--thread-content-margin:var(--thread-content-margin-lg,calc(var(--spacing)*16))] px-(--thread-content-margin)\">\n<div class=\"[--thread-content-max-width:40rem] @w-lg\/main:[--thread-content-max-width:48rem] mx-auto max-w-(--thread-content-max-width) flex-1 group\/turn-messages focus-visible:outline-hidden relative flex w-full min-w-0 flex-col agent-turn\">\n<div class=\"mt-3 w-full empty:hidden\">\n<div class=\"text-center\"> <\/div>\n<\/div>\n<\/div>\n<\/div>\n<\/section>\n<div class=\"contents\"> <\/div>\n<\/div>\n<\/div>\n<\/div>\n<div class=\"pointer-events-none -mt-px h-px translate-y-[calc(var(--scroll-root-safe-area-inset-bottom)-14*var(--spacing))]\" aria-hidden=\"true\"> <\/div>\n<p style=\"text-align: justify;\" data-start=\"157\" data-end=\"394\"> <\/p>\n<\/div>\n\n\n\n<div class=\"wp-block-column is-vertically-aligned-top is-layout-flow wp-block-column-is-layout-flow\" style=\"flex-basis:50%\">\n<figure class=\"wp-block-image size-full has-custom-border\"><img loading=\"lazy\" decoding=\"async\" width=\"900\" height=\"450\" src=\"https:\/\/kontracamps.com\/wp-content\/uploads\/2026\/08\/WhatsApp-Image-2026-08-31-at-13.38.02.jpeg\" alt=\"\" class=\"wp-image-16488\" style=\"border-radius:8px\" srcset=\"https:\/\/kontracamps.com\/wp-content\/uploads\/2026\/08\/WhatsApp-Image-2026-08-31-at-13.38.02.jpeg 900w, https:\/\/kontracamps.com\/wp-content\/uploads\/2026\/08\/WhatsApp-Image-2026-08-31-at-13.38.02-640x320.jpeg 640w, https:\/\/kontracamps.com\/wp-content\/uploads\/2026\/08\/WhatsApp-Image-2026-08-31-at-13.38.02-768x384.jpeg 768w, https:\/\/kontracamps.com\/wp-content\/uploads\/2026\/08\/WhatsApp-Image-2026-08-31-at-13.38.02-600x300.jpeg 600w\" sizes=\"auto, (max-width: 900px) 100vw, 900px\" \/><\/figure>\n<\/div>\n<\/div>\n<\/div>\n\n<hr class=\"wp-block-separator has-alpha-channel-opacity\" style=\"margin-top:2rem;margin-bottom:2rem\"\/>\n\n<hr class=\"wp-block-separator has-alpha-channel-opacity\" style=\"margin-top:2rem;margin-bottom:2rem\"\/>\n\n<p class=\"wp-block-paragraph\"><\/p>\n","protected":false},"excerpt":{"rendered":"<p>Il luogo Las Palmas de Gran Canaria, situata nel nord dell\u2019isola, \u00e8 il capoluogo e la citt\u00e0 pi\u00f9 grande di Gran Canaria. Con le sue spiagge sull\u2019Atlantico, il clima mite tutto l\u2019anno e l\u2019atmosfera vivace della citt\u00e0, \u00e8 il posto perfetto per unire il beach volley a tutto ci\u00f2 che le Isole Canarie hanno da [&#8230;]\n","protected":false},"featured_media":16571,"menu_order":0,"template":"","categories":[432],"location":[533],"class_list":["post-16590","camp","type-camp","status-publish","has-post-thumbnail","hentry","category-beach-volleyball","location-las-palmas-de-gran-canaria"],"aioseo_notices":[],"aioseo_head":"\n\t\t<!-- All in One SEO 5.0.0.1 - aioseo.com -->\n\t<meta name=\"description\" content=\"Il luogo Las Palmas de Gran Canaria, situata nel nord dell\u2019isola, \u00e8 il capoluogo e la citt\u00e0 pi\u00f9 grande di Gran Canaria. Con le sue spiagge sull\u2019Atlantico, il clima mite tutto l\u2019anno e l\u2019atmosfera vivace della citt\u00e0, \u00e8 il posto perfetto per unire il beach volley a tutto ci\u00f2 che le Isole Canarie hanno da\" \/>\n\t<meta name=\"robots\" content=\"max-image-preview:large\" \/>\n\t<link rel=\"canonical\" href=\"https:\/\/kontracamps.com\/it\/camps\/beach-volleyball\/beach-volley-camp-a-gran-canaria\/\" \/>\n\t<meta name=\"generator\" content=\"All in One SEO (AIOSEO) 5.0.0.1\" \/>\n\t\t<meta property=\"og:locale\" content=\"it_IT\" \/>\n\t\t<meta property=\"og:site_name\" content=\"Kontra Camps\" \/>\n\t\t<meta property=\"og:type\" content=\"article\" \/>\n\t\t<meta property=\"og:title\" content=\"Beach volley camp a Gran Canaria \u00bb Kontra Camps\" \/>\n\t\t<meta property=\"og:description\" content=\"Il luogo Las Palmas de Gran Canaria, situata nel nord dell\u2019isola, \u00e8 il capoluogo e la citt\u00e0 pi\u00f9 grande di Gran Canaria. Con le sue spiagge sull\u2019Atlantico, il clima mite tutto l\u2019anno e l\u2019atmosfera vivace della citt\u00e0, \u00e8 il posto perfetto per unire il beach volley a tutto ci\u00f2 che le Isole Canarie hanno da\" \/>\n\t\t<meta property=\"og:url\" content=\"https:\/\/kontracamps.com\/it\/camps\/beach-volleyball\/beach-volley-camp-a-gran-canaria\/\" \/>\n\t\t<meta property=\"og:image\" content=\"https:\/\/kontracamps.com\/wp-content\/uploads\/2024\/06\/beach-volleyball-camps-small-for-mobile.jpg\" \/>\n\t\t<meta property=\"og:image:secure_url\" content=\"https:\/\/kontracamps.com\/wp-content\/uploads\/2024\/06\/beach-volleyball-camps-small-for-mobile.jpg\" \/>\n\t\t<meta property=\"og:image:width\" content=\"1000\" \/>\n\t\t<meta property=\"og:image:height\" content=\"668\" \/>\n\t\t<meta property=\"article:published_time\" content=\"2026-09-03T12:20:19+00:00\" \/>\n\t\t<meta property=\"article:modified_time\" content=\"2026-09-03T12:30:34+00:00\" \/>\n\t\t<meta name=\"twitter:card\" content=\"summary_large_image\" \/>\n\t\t<meta name=\"twitter:title\" content=\"Beach volley camp a Gran Canaria \u00bb Kontra Camps\" \/>\n\t\t<meta name=\"twitter:description\" content=\"Il luogo Las Palmas de Gran Canaria, situata nel nord dell\u2019isola, \u00e8 il capoluogo e la citt\u00e0 pi\u00f9 grande di Gran Canaria. Con le sue spiagge sull\u2019Atlantico, il clima mite tutto l\u2019anno e l\u2019atmosfera vivace della citt\u00e0, \u00e8 il posto perfetto per unire il beach volley a tutto ci\u00f2 che le Isole Canarie hanno da\" \/>\n\t\t<meta name=\"twitter:image\" content=\"https:\/\/kontracamps.com\/wp-content\/uploads\/2024\/06\/beach-volleyball-camps-small-for-mobile.jpg\" \/>\n\t\t<meta name=\"twitter:label1\" content=\"Tempo di lettura stimato\" \/>\n\t\t<meta name=\"twitter:data1\" content=\"6 minuti\" \/>\n\t\t<script type=\"application\/ld+json\" class=\"aioseo-schema\">\n\t\t\t{\"@context\":\"https:\\\/\\\/schema.org\",\"@graph\":[{\"@type\":\"BreadcrumbList\",\"@id\":\"https:\\\/\\\/kontracamps.com\\\/it\\\/camps\\\/beach-volleyball\\\/beach-volley-camp-a-gran-canaria\\\/#breadcrumblist\",\"itemListElement\":[{\"@type\":\"ListItem\",\"@id\":\"https:\\\/\\\/kontracamps.com\\\/it\\\/#listItem\",\"position\":1,\"name\":\"Home\",\"item\":\"https:\\\/\\\/kontracamps.com\\\/it\\\/\",\"nextItem\":{\"@type\":\"ListItem\",\"@id\":\"https:\\\/\\\/kontracamps.com\\\/it\\\/camps\\\/%category%\\\/#listItem\",\"name\":\"Camp\"}},{\"@type\":\"ListItem\",\"@id\":\"https:\\\/\\\/kontracamps.com\\\/it\\\/camps\\\/%category%\\\/#listItem\",\"position\":2,\"name\":\"Camp\",\"item\":\"https:\\\/\\\/kontracamps.com\\\/it\\\/camps\\\/%category%\\\/\",\"nextItem\":{\"@type\":\"ListItem\",\"@id\":\"https:\\\/\\\/kontracamps.com\\\/it\\\/category\\\/beach-volleyball\\\/#listItem\",\"name\":\"Beach volleyball\"},\"previousItem\":{\"@type\":\"ListItem\",\"@id\":\"https:\\\/\\\/kontracamps.com\\\/it\\\/#listItem\",\"name\":\"Home\"}},{\"@type\":\"ListItem\",\"@id\":\"https:\\\/\\\/kontracamps.com\\\/it\\\/category\\\/beach-volleyball\\\/#listItem\",\"position\":3,\"name\":\"Beach volleyball\",\"item\":\"https:\\\/\\\/kontracamps.com\\\/it\\\/category\\\/beach-volleyball\\\/\",\"nextItem\":{\"@type\":\"ListItem\",\"@id\":\"https:\\\/\\\/kontracamps.com\\\/it\\\/camps\\\/beach-volleyball\\\/beach-volley-camp-a-gran-canaria\\\/#listItem\",\"name\":\"Beach volley camp a Gran Canaria\"},\"previousItem\":{\"@type\":\"ListItem\",\"@id\":\"https:\\\/\\\/kontracamps.com\\\/it\\\/camps\\\/%category%\\\/#listItem\",\"name\":\"Camp\"}},{\"@type\":\"ListItem\",\"@id\":\"https:\\\/\\\/kontracamps.com\\\/it\\\/camps\\\/beach-volleyball\\\/beach-volley-camp-a-gran-canaria\\\/#listItem\",\"position\":4,\"name\":\"Beach volley camp a Gran Canaria\",\"previousItem\":{\"@type\":\"ListItem\",\"@id\":\"https:\\\/\\\/kontracamps.com\\\/it\\\/category\\\/beach-volleyball\\\/#listItem\",\"name\":\"Beach volleyball\"}}]},{\"@type\":\"Organization\",\"@id\":\"https:\\\/\\\/kontracamps.com\\\/it\\\/#organization\",\"name\":\"Kontra Camps\",\"description\":\"Kontra Camps organizes beach volleyball and padel camps in unique locations across Europe and beyond. We offer professional-level training led by experienced coaches, combined with a great atmosphere and an international community of motivated athletes from different countries.\",\"url\":\"https:\\\/\\\/kontracamps.com\\\/it\\\/\",\"logo\":{\"@type\":\"ImageObject\",\"url\":\"https:\\\/\\\/kontracamps.com\\\/wp-content\\\/uploads\\\/2025\\\/01\\\/logo-website-2-1.png\",\"@id\":\"https:\\\/\\\/kontracamps.com\\\/it\\\/camps\\\/beach-volleyball\\\/beach-volley-camp-a-gran-canaria\\\/#organizationLogo\",\"width\":500,\"height\":140},\"image\":{\"@id\":\"https:\\\/\\\/kontracamps.com\\\/it\\\/camps\\\/beach-volleyball\\\/beach-volley-camp-a-gran-canaria\\\/#organizationLogo\"}},{\"@type\":\"WebPage\",\"@id\":\"https:\\\/\\\/kontracamps.com\\\/it\\\/camps\\\/beach-volleyball\\\/beach-volley-camp-a-gran-canaria\\\/#webpage\",\"url\":\"https:\\\/\\\/kontracamps.com\\\/it\\\/camps\\\/beach-volleyball\\\/beach-volley-camp-a-gran-canaria\\\/\",\"name\":\"Beach volley camp a Gran Canaria \\u00bb Kontra Camps\",\"description\":\"Il luogo Las Palmas de Gran Canaria, situata nel nord dell\\u2019isola, \\u00e8 il capoluogo e la citt\\u00e0 pi\\u00f9 grande di Gran Canaria. Con le sue spiagge sull\\u2019Atlantico, il clima mite tutto l\\u2019anno e l\\u2019atmosfera vivace della citt\\u00e0, \\u00e8 il posto perfetto per unire il beach volley a tutto ci\\u00f2 che le Isole Canarie hanno da\",\"inLanguage\":\"it-IT\",\"isPartOf\":{\"@id\":\"https:\\\/\\\/kontracamps.com\\\/it\\\/#website\"},\"breadcrumb\":{\"@id\":\"https:\\\/\\\/kontracamps.com\\\/it\\\/camps\\\/beach-volleyball\\\/beach-volley-camp-a-gran-canaria\\\/#breadcrumblist\"},\"image\":{\"@type\":\"ImageObject\",\"url\":\"https:\\\/\\\/kontracamps.com\\\/wp-content\\\/uploads\\\/2026\\\/09\\\/Image-Blend-Blur-Transition.png\",\"@id\":\"https:\\\/\\\/kontracamps.com\\\/it\\\/camps\\\/beach-volleyball\\\/beach-volley-camp-a-gran-canaria\\\/#mainImage\",\"width\":851,\"height\":315},\"primaryImageOfPage\":{\"@id\":\"https:\\\/\\\/kontracamps.com\\\/it\\\/camps\\\/beach-volleyball\\\/beach-volley-camp-a-gran-canaria\\\/#mainImage\"},\"datePublished\":\"2026-09-03T14:20:19+02:00\",\"dateModified\":\"2026-09-03T14:30:34+02:00\"},{\"@type\":\"WebSite\",\"@id\":\"https:\\\/\\\/kontracamps.com\\\/it\\\/#website\",\"url\":\"https:\\\/\\\/kontracamps.com\\\/it\\\/\",\"name\":\"Kontra Camps\",\"alternateName\":\"Kontra Camps\",\"description\":\"Sport Camps\",\"inLanguage\":\"it-IT\",\"publisher\":{\"@id\":\"https:\\\/\\\/kontracamps.com\\\/it\\\/#organization\"}}]}\n\t\t<\/script>\n\t\t<!-- All in One SEO -->\n\n","aioseo_head_json":{"title":"Beach volley camp a Gran Canaria \u00bb Kontra Camps","description":"Il luogo Las Palmas de Gran Canaria, situata nel nord dell\u2019isola, \u00e8 il capoluogo e la citt\u00e0 pi\u00f9 grande di Gran Canaria. Con le sue spiagge sull\u2019Atlantico, il clima mite tutto l\u2019anno e l\u2019atmosfera vivace della citt\u00e0, \u00e8 il posto perfetto per unire il beach volley a tutto ci\u00f2 che le Isole Canarie hanno da","canonical_url":"https:\/\/kontracamps.com\/it\/camps\/beach-volleyball\/beach-volley-camp-a-gran-canaria\/","robots":"max-image-preview:large","keywords":"","webmasterTools":{"miscellaneous":""},"schema":{"@context":"https:\/\/schema.org","@graph":[{"@type":"BreadcrumbList","@id":"https:\/\/kontracamps.com\/it\/camps\/beach-volleyball\/beach-volley-camp-a-gran-canaria\/#breadcrumblist","itemListElement":[{"@type":"ListItem","@id":"https:\/\/kontracamps.com\/it\/#listItem","position":1,"name":"Home","item":"https:\/\/kontracamps.com\/it\/","nextItem":{"@type":"ListItem","@id":"https:\/\/kontracamps.com\/it\/camps\/%category%\/#listItem","name":"Camp"}},{"@type":"ListItem","@id":"https:\/\/kontracamps.com\/it\/camps\/%category%\/#listItem","position":2,"name":"Camp","item":"https:\/\/kontracamps.com\/it\/camps\/%category%\/","nextItem":{"@type":"ListItem","@id":"https:\/\/kontracamps.com\/it\/category\/beach-volleyball\/#listItem","name":"Beach volleyball"},"previousItem":{"@type":"ListItem","@id":"https:\/\/kontracamps.com\/it\/#listItem","name":"Home"}},{"@type":"ListItem","@id":"https:\/\/kontracamps.com\/it\/category\/beach-volleyball\/#listItem","position":3,"name":"Beach volleyball","item":"https:\/\/kontracamps.com\/it\/category\/beach-volleyball\/","nextItem":{"@type":"ListItem","@id":"https:\/\/kontracamps.com\/it\/camps\/beach-volleyball\/beach-volley-camp-a-gran-canaria\/#listItem","name":"Beach volley camp a Gran Canaria"},"previousItem":{"@type":"ListItem","@id":"https:\/\/kontracamps.com\/it\/camps\/%category%\/#listItem","name":"Camp"}},{"@type":"ListItem","@id":"https:\/\/kontracamps.com\/it\/camps\/beach-volleyball\/beach-volley-camp-a-gran-canaria\/#listItem","position":4,"name":"Beach volley camp a Gran Canaria","previousItem":{"@type":"ListItem","@id":"https:\/\/kontracamps.com\/it\/category\/beach-volleyball\/#listItem","name":"Beach volleyball"}}]},{"@type":"Organization","@id":"https:\/\/kontracamps.com\/it\/#organization","name":"Kontra Camps","description":"Kontra Camps organizes beach volleyball and padel camps in unique locations across Europe and beyond. We offer professional-level training led by experienced coaches, combined with a great atmosphere and an international community of motivated athletes from different countries.","url":"https:\/\/kontracamps.com\/it\/","logo":{"@type":"ImageObject","url":"https:\/\/kontracamps.com\/wp-content\/uploads\/2025\/01\/logo-website-2-1.png","@id":"https:\/\/kontracamps.com\/it\/camps\/beach-volleyball\/beach-volley-camp-a-gran-canaria\/#organizationLogo","width":500,"height":140},"image":{"@id":"https:\/\/kontracamps.com\/it\/camps\/beach-volleyball\/beach-volley-camp-a-gran-canaria\/#organizationLogo"}},{"@type":"WebPage","@id":"https:\/\/kontracamps.com\/it\/camps\/beach-volleyball\/beach-volley-camp-a-gran-canaria\/#webpage","url":"https:\/\/kontracamps.com\/it\/camps\/beach-volleyball\/beach-volley-camp-a-gran-canaria\/","name":"Beach volley camp a Gran Canaria \u00bb Kontra Camps","description":"Il luogo Las Palmas de Gran Canaria, situata nel nord dell\u2019isola, \u00e8 il capoluogo e la citt\u00e0 pi\u00f9 grande di Gran Canaria. Con le sue spiagge sull\u2019Atlantico, il clima mite tutto l\u2019anno e l\u2019atmosfera vivace della citt\u00e0, \u00e8 il posto perfetto per unire il beach volley a tutto ci\u00f2 che le Isole Canarie hanno da","inLanguage":"it-IT","isPartOf":{"@id":"https:\/\/kontracamps.com\/it\/#website"},"breadcrumb":{"@id":"https:\/\/kontracamps.com\/it\/camps\/beach-volleyball\/beach-volley-camp-a-gran-canaria\/#breadcrumblist"},"image":{"@type":"ImageObject","url":"https:\/\/kontracamps.com\/wp-content\/uploads\/2026\/09\/Image-Blend-Blur-Transition.png","@id":"https:\/\/kontracamps.com\/it\/camps\/beach-volleyball\/beach-volley-camp-a-gran-canaria\/#mainImage","width":851,"height":315},"primaryImageOfPage":{"@id":"https:\/\/kontracamps.com\/it\/camps\/beach-volleyball\/beach-volley-camp-a-gran-canaria\/#mainImage"},"datePublished":"2026-09-03T14:20:19+02:00","dateModified":"2026-09-03T14:30:34+02:00"},{"@type":"WebSite","@id":"https:\/\/kontracamps.com\/it\/#website","url":"https:\/\/kontracamps.com\/it\/","name":"Kontra Camps","alternateName":"Kontra Camps","description":"Sport Camps","inLanguage":"it-IT","publisher":{"@id":"https:\/\/kontracamps.com\/it\/#organization"}}]},"og:locale":"it_IT","og:site_name":"Kontra Camps","og:type":"article","og:title":"Beach volley camp a Gran Canaria \u00bb Kontra Camps","og:description":"Il luogo Las Palmas de Gran Canaria, situata nel nord dell\u2019isola, \u00e8 il capoluogo e la citt\u00e0 pi\u00f9 grande di Gran Canaria. Con le sue spiagge sull\u2019Atlantico, il clima mite tutto l\u2019anno e l\u2019atmosfera vivace della citt\u00e0, \u00e8 il posto perfetto per unire il beach volley a tutto ci\u00f2 che le Isole Canarie hanno da","og:url":"https:\/\/kontracamps.com\/it\/camps\/beach-volleyball\/beach-volley-camp-a-gran-canaria\/","og:image":"https:\/\/kontracamps.com\/wp-content\/uploads\/2024\/06\/beach-volleyball-camps-small-for-mobile.jpg","og:image:secure_url":"https:\/\/kontracamps.com\/wp-content\/uploads\/2024\/06\/beach-volleyball-camps-small-for-mobile.jpg","og:image:width":1000,"og:image:height":668,"article:published_time":"2026-09-03T12:20:19+00:00","article:modified_time":"2026-09-03T12:30:34+00:00","twitter:card":"summary_large_image","twitter:title":"Beach volley camp a Gran Canaria \u00bb Kontra Camps","twitter:description":"Il luogo Las Palmas de Gran Canaria, situata nel nord dell\u2019isola, \u00e8 il capoluogo e la citt\u00e0 pi\u00f9 grande di Gran Canaria. Con le sue spiagge sull\u2019Atlantico, il clima mite tutto l\u2019anno e l\u2019atmosfera vivace della citt\u00e0, \u00e8 il posto perfetto per unire il beach volley a tutto ci\u00f2 che le Isole Canarie hanno da","twitter:image":"https:\/\/kontracamps.com\/wp-content\/uploads\/2024\/06\/beach-volleyball-camps-small-for-mobile.jpg","twitter:label1":"Tempo di lettura stimato","twitter:data1":"6 minuti"},"aioseo_meta_data":{"post_id":"16590","title":null,"description":null,"keywords":null,"keyphrases":{"focus":{"keyphrase":"","score":0,"analysis":{"keyphraseInTitle":{"score":0,"maxScore":9,"error":1}}},"additional":[]},"primary_term":null,"canonical_url":null,"og_title":null,"og_description":null,"og_object_type":"default","og_image_type":"default","og_image_url":null,"og_image_width":null,"og_image_height":null,"og_image_custom_url":null,"og_image_custom_fields":null,"og_video":"","og_custom_url":null,"og_article_section":null,"og_article_tags":null,"twitter_use_og":false,"twitter_card":"default","twitter_image_type":"default","twitter_image_url":null,"twitter_image_custom_url":null,"twitter_image_custom_fields":null,"twitter_title":null,"twitter_description":null,"schema":{"blockGraphs":[],"customGraphs":[],"default":{"data":{"Article":[],"Course":[],"Dataset":[],"FAQPage":[],"Movie":[],"Person":[],"Product":[],"ProductReview":[],"Car":[],"Recipe":[],"Service":[],"SoftwareApplication":[],"WebPage":[]},"graphName":"WebPage","isEnabled":true},"graphs":[]},"schema_type":"default","schema_type_options":null,"pillar_content":false,"robots_default":true,"robots_noindex":false,"robots_noarchive":false,"robots_nosnippet":false,"robots_nofollow":false,"robots_noimageindex":false,"robots_noodp":false,"robots_notranslate":false,"robots_max_snippet":"-1","robots_max_videopreview":"-1","robots_max_imagepreview":"large","priority":null,"frequency":"default","local_seo":null,"breadcrumb_settings":null,"limit_modified_date":false,"ai":{"faqs":[],"keyPoints":[],"schemas":[],"titles":[],"descriptions":[],"socialPosts":{"email":{"subject":"","preview":"","content":""},"linkedin":[],"twitter":[],"facebook":[],"instagram":[]}},"created":"2026-09-03 12:30:33","updated":"2026-09-03 13:04:41","focus_keyword":null,"additional_keywords":null,"truseo_locale":null,"seo_analyzer_scan_date":null},"aioseo_breadcrumb":"<div class=\"aioseo-breadcrumbs\"><span class=\"aioseo-breadcrumb\">\n\t\t\t<a href=\"https:\/\/kontracamps.com\/it\/\" title=\"Home\">Home<\/a>\n\t\t<\/span><span class=\"aioseo-breadcrumb-separator\">&raquo;<\/span><span class=\"aioseo-breadcrumb\">\n\t\t\t<a href=\"https:\/\/kontracamps.com\/it\/camps\/%category%\/\" title=\"Camp\">Camp<\/a>\n\t\t<\/span><span class=\"aioseo-breadcrumb-separator\">&raquo;<\/span><span class=\"aioseo-breadcrumb\">\n\t\t\t<a href=\"https:\/\/kontracamps.com\/it\/category\/beach-volleyball\/\" title=\"Beach volleyball\">Beach volleyball<\/a>\n\t\t<\/span><span class=\"aioseo-breadcrumb-separator\">&raquo;<\/span><span class=\"aioseo-breadcrumb\">\n\t\t\tBeach volley camp a Gran Canaria\n\t\t<\/span><\/div>","aioseo_breadcrumb_json":[{"label":"Home","link":"https:\/\/kontracamps.com\/it\/"},{"label":"Camp","link":"https:\/\/kontracamps.com\/it\/camps\/%category%\/"},{"label":"Beach volleyball","link":"https:\/\/kontracamps.com\/it\/category\/beach-volleyball\/"},{"label":"Beach volley camp a Gran Canaria","link":"https:\/\/kontracamps.com\/it\/camps\/beach-volleyball\/beach-volley-camp-a-gran-canaria\/"}],"_links":{"self":[{"href":"https:\/\/kontracamps.com\/it\/wp-json\/wp\/v2\/camp\/16590","targetHints":{"allow":["GET"]}}],"collection":[{"href":"https:\/\/kontracamps.com\/it\/wp-json\/wp\/v2\/camp"}],"about":[{"href":"https:\/\/kontracamps.com\/it\/wp-json\/wp\/v2\/types\/camp"}],"version-history":[{"count":2,"href":"https:\/\/kontracamps.com\/it\/wp-json\/wp\/v2\/camp\/16590\/revisions"}],"predecessor-version":[{"id":16593,"href":"https:\/\/kontracamps.com\/it\/wp-json\/wp\/v2\/camp\/16590\/revisions\/16593"}],"wp:featuredmedia":[{"embeddable":true,"href":"https:\/\/kontracamps.com\/it\/wp-json\/wp\/v2\/media\/16571"}],"wp:attachment":[{"href":"https:\/\/kontracamps.com\/it\/wp-json\/wp\/v2\/media?parent=16590"}],"wp:term":[{"taxonomy":"category","embeddable":true,"href":"https:\/\/kontracamps.com\/it\/wp-json\/wp\/v2\/categories?post=16590"},{"taxonomy":"location","embeddable":true,"href":"https:\/\/kontracamps.com\/it\/wp-json\/wp\/v2\/location?post=16590"}],"curies":[{"name":"wp","href":"https:\/\/api.w.org\/{rel}","templated":true}]}}